{"id":766,"date":"2025-12-02T21:36:44","date_gmt":"2025-12-02T19:36:44","guid":{"rendered":"http:\/\/amad-loire.fr\/?page_id=766"},"modified":"2025-12-10T19:43:54","modified_gmt":"2025-12-10T17:43:54","slug":"le-clos-rosier","status":"publish","type":"page","link":"https:\/\/amad-loire.fr\/?page_id=766","title":{"rendered":"Le Clos Rosier"},"content":{"rendered":"\t\t<div data-elementor-type=\"wp-page\" data-elementor-id=\"766\" class=\"elementor elementor-766\">\n\t\t\t\t<div class=\"elementor-element elementor-element-dec1eea e-flex e-con-boxed e-con e-parent\" data-id=\"dec1eea\" data-element_type=\"container\">\n\t\t\t\t\t<div class=\"e-con-inner\">\n\t\t\t\t<div class=\"elementor-element elementor-element-fe8731c elementor-widget elementor-widget-flex-hero\" data-id=\"fe8731c\" data-element_type=\"widget\" data-settings=\"{&quot;layout_preset&quot;:&quot;showcase&quot;,&quot;layout_column_structure&quot;:&quot;50-50&quot;,&quot;layout_image_position&quot;:&quot;end&quot;,&quot;primary_button_shape&quot;:&quot;default&quot;,&quot;image_shape&quot;:&quot;sharp&quot;,&quot;box_shape&quot;:&quot;sharp&quot;}\" data-widget_type=\"flex-hero.default\">\n\t\t\t\t<div class=\"elementor-widget-container\">\n\t\t\t\t\t\t\t<div class=\"has-shape-sharp shape-type-box has-column-structure-50-50  ehp-flex-hero has-layout-preset-showcase has-image-position-end\">\n\t\t\t\t\t\t<div class=\"ehp-flex-hero__overlay\"><\/div>\n\t\t\t<div class=\"ehp-flex-hero__content-container\">\n\t\t\t\t<h2 class=\"ehp-flex-hero__heading\">R\u00e9sidence Autonomie Le Clos Rosier<\/h2><h3 class=\"ehp-flex-hero__subheading\">Structure en cours de construction.<\/h3>\t\t\t<div class=\"ehp-flex-hero__ctas-container\">\n\t\t\t\t\t\t\t\t\t\t\t<\/div>\n\t\t\t\t\t<\/div>\n\t\t\t\t<div class=\"ehp-flex-hero__image-wrapper\">\n\t\t\t\t\t<div class=\"ehp-image ehp-flex-hero__image-container\">\n\t\t\t\t<img decoding=\"async\" class=\"ehp-image__img ehp-flex-hero__img has-shape-sharp shape-type-image\" src=\"https:\/\/amad-loire.fr\/wp-content\/uploads\/2025\/12\/muhammad-afandi-LbZdTD83At0-unsplash-scaled.jpg\" title=\"muhammad-afandi-LbZdTD83At0-unsplash\" alt=\"muhammad-afandi-LbZdTD83At0-unsplash\" loading=\"lazy\" \/>\t\t\t<\/div>\n\t\t\t\t\t<\/div>\n\t\t\t\t<\/div>\n\t\t\t\t\t\t<\/div>\n\t\t\t\t<\/div>\n\t\t\t\t\t<\/div>\n\t\t\t\t<\/div>\n\t\t<div class=\"elementor-element elementor-element-4d81a14 e-flex e-con-boxed e-con e-parent\" data-id=\"4d81a14\" data-element_type=\"container\">\n\t\t\t\t\t<div class=\"e-con-inner\">\n\t\t<div class=\"elementor-element elementor-element-96227b9 e-con-full e-flex e-con e-child\" data-id=\"96227b9\" data-element_type=\"container\">\n\t\t\t\t<\/div>\n\t\t<div class=\"elementor-element elementor-element-b185a2d e-con-full e-flex e-con e-child\" data-id=\"b185a2d\" data-element_type=\"container\">\n\t\t\t\t<div class=\"elementor-element elementor-element-0cc0b25 elementor-view-stacked elementor-shape-circle elementor-widget elementor-widget-icon\" data-id=\"0cc0b25\" data-element_type=\"widget\" data-widget_type=\"icon.default\">\n\t\t\t\t\t\t\t<div class=\"elementor-icon-wrapper\">\n\t\t\t<div class=\"elementor-icon\">\n\t\t\t<svg aria-hidden=\"true\" class=\"e-font-icon-svg e-fas-home\" viewBox=\"0 0 576 512\" xmlns=\"http:\/\/www.w3.org\/2000\/svg\"><path d=\"M280.37 148.26L96 300.11V464a16 16 0 0 0 16 16l112.06-.29a16 16 0 0 0 15.92-16V368a16 16 0 0 1 16-16h64a16 16 0 0 1 16 16v95.64a16 16 0 0 0 16 16.05L464 480a16 16 0 0 0 16-16V300L295.67 148.26a12.19 12.19 0 0 0-15.3 0zM571.6 251.47L488 182.56V44.05a12 12 0 0 0-12-12h-56a12 12 0 0 0-12 12v72.61L318.47 43a48 48 0 0 0-61 0L4.34 251.47a12 12 0 0 0-1.6 16.9l25.5 31A12 12 0 0 0 45.15 301l235.22-193.74a12.19 12.19 0 0 1 15.3 0L530.9 301a12 12 0 0 0 16.9-1.6l25.5-31a12 12 0 0 0-1.7-16.93z\"><\/path><\/svg>\t\t\t<\/div>\n\t\t<\/div>\n\t\t\t\t\t\t<\/div>\n\t\t\t\t<div class=\"elementor-element elementor-element-64283db elementor-widget elementor-widget-text-editor\" data-id=\"64283db\" data-element_type=\"widget\" data-widget_type=\"text-editor.default\">\n\t\t\t\t\t\t\t\t\t<p>Situ\u00e9e au <strong data-start=\"469\" data-end=\"498\">chemin de Jaricho \u00e0 Feurs<\/strong>, la nouvelle <strong data-start=\"512\" data-end=\"550\">R\u00e9sidence Autonomie Le Clos Rosier<\/strong> ouvrira prochainement ses portes sur un espace verdoyant de <strong data-start=\"611\" data-end=\"623\">1 400 m\u00b2<\/strong>.<br data-start=\"624\" data-end=\"627\" \/>Compos\u00e9e de <strong data-start=\"639\" data-end=\"683\">26 appartements modernes et confortables<\/strong>, la r\u00e9sidence accueillera des <strong data-start=\"714\" data-end=\"753\">personnes \u00e2g\u00e9es seules ou en couple<\/strong>, d\u00e9sireuses de vivre en toute s\u00e9r\u00e9nit\u00e9 dans un environnement s\u00e9curis\u00e9, convivial et \u00e0 proximit\u00e9 imm\u00e9diate du centre-ville et de ses commodit\u00e9s.<\/p>\t\t\t\t\t\t\t\t<\/div>\n\t\t\t\t<div class=\"elementor-element elementor-element-e065d51 elementor-widget elementor-widget-spacer\" data-id=\"e065d51\" data-element_type=\"widget\" data-widget_type=\"spacer.default\">\n\t\t\t\t\t\t\t<div class=\"elementor-spacer\">\n\t\t\t<div class=\"elementor-spacer-inner\"><\/div>\n\t\t<\/div>\n\t\t\t\t\t\t<\/div>\n\t\t\t\t<\/div>\n\t\t<div class=\"elementor-element elementor-element-ae93225 e-con-full e-flex e-con e-child\" data-id=\"ae93225\" data-element_type=\"container\">\n\t\t\t\t<\/div>\n\t\t\t\t\t<\/div>\n\t\t\t\t<\/div>\n\t\t<div class=\"elementor-element elementor-element-8c738fe e-flex e-con-boxed e-con e-parent\" data-id=\"8c738fe\" data-element_type=\"container\">\n\t\t\t\t\t<div class=\"e-con-inner\">\n\t\t\t\t<div class=\"elementor-element elementor-element-b944073 elementor-widget elementor-widget-heading\" data-id=\"b944073\" data-element_type=\"widget\" data-widget_type=\"heading.default\">\n\t\t\t\t\t<h2 class=\"elementor-heading-title elementor-size-default\">Des logements confortables et adapt\u00e9s<\/h2>\t\t\t\t<\/div>\n\t\t\t\t\t<\/div>\n\t\t\t\t<\/div>\n\t\t<div class=\"elementor-element elementor-element-e2eccda e-flex e-con-boxed e-con e-parent\" data-id=\"e2eccda\" data-element_type=\"container\">\n\t\t\t\t\t<div class=\"e-con-inner\">\n\t\t<div class=\"elementor-element elementor-element-c9f50f4 e-con-full e-flex e-con e-child\" data-id=\"c9f50f4\" data-element_type=\"container\">\n\t\t\t\t<div class=\"elementor-element elementor-element-53ecc4f elementor-widget elementor-widget-image\" data-id=\"53ecc4f\" data-element_type=\"widget\" data-widget_type=\"image.default\">\n\t\t\t\t\t\t\t\t\t\t\t\t\t\t\t<img fetchpriority=\"high\" decoding=\"async\" width=\"800\" height=\"800\" src=\"https:\/\/amad-loire.fr\/wp-content\/uploads\/2025\/12\/public-domain-vectors-cHgjNBhEZVA-unsplash-1024x1024.jpg\" class=\"attachment-large size-large wp-image-774\" alt=\"\" srcset=\"https:\/\/amad-loire.fr\/wp-content\/uploads\/2025\/12\/public-domain-vectors-cHgjNBhEZVA-unsplash-1024x1024.jpg 1024w, https:\/\/amad-loire.fr\/wp-content\/uploads\/2025\/12\/public-domain-vectors-cHgjNBhEZVA-unsplash-300x300.jpg 300w, https:\/\/amad-loire.fr\/wp-content\/uploads\/2025\/12\/public-domain-vectors-cHgjNBhEZVA-unsplash-150x150.jpg 150w, https:\/\/amad-loire.fr\/wp-content\/uploads\/2025\/12\/public-domain-vectors-cHgjNBhEZVA-unsplash-768x768.jpg 768w, https:\/\/amad-loire.fr\/wp-content\/uploads\/2025\/12\/public-domain-vectors-cHgjNBhEZVA-unsplash-1536x1536.jpg 1536w, https:\/\/amad-loire.fr\/wp-content\/uploads\/2025\/12\/public-domain-vectors-cHgjNBhEZVA-unsplash-2048x2048.jpg 2048w\" sizes=\"(max-width: 800px) 100vw, 800px\" \/>\t\t\t\t\t\t\t\t\t\t\t\t\t\t\t<\/div>\n\t\t\t\t<\/div>\n\t\t<div class=\"elementor-element elementor-element-c328e4b e-con-full e-flex e-con e-child\" data-id=\"c328e4b\" data-element_type=\"container\">\n\t\t\t\t<div class=\"elementor-element elementor-element-21b2c16 elementor-widget elementor-widget-text-editor\" data-id=\"21b2c16\" data-element_type=\"widget\" data-widget_type=\"text-editor.default\">\n\t\t\t\t\t\t\t\t\t<p>Chaque appartement, pens\u00e9 pour favoriser <strong data-start=\"992\" data-end=\"1023\">l\u2019autonomie et le bien-\u00eatre<\/strong>, offre des espaces lumineux, fonctionnels et accessibles.<br data-start=\"1081\" data-end=\"1084\" \/>Les r\u00e9sidents b\u00e9n\u00e9ficieront d\u2019un <strong data-start=\"1117\" data-end=\"1138\">logement privatif<\/strong>, tout en profitant de services collectifs et d\u2019un accompagnement personnalis\u00e9 selon leurs besoins.<\/p>\t\t\t\t\t\t\t\t<\/div>\n\t\t\t\t<\/div>\n\t\t\t\t\t<\/div>\n\t\t\t\t<\/div>\n\t\t<div class=\"elementor-element elementor-element-1347dd0 e-flex e-con-boxed e-con e-parent\" data-id=\"1347dd0\" data-element_type=\"container\">\n\t\t\t\t\t<div class=\"e-con-inner\">\n\t\t\t\t<div class=\"elementor-element elementor-element-600aa58 elementor-view-stacked elementor-shape-circle elementor-position-top elementor-mobile-position-top elementor-widget elementor-widget-icon-box\" data-id=\"600aa58\" data-element_type=\"widget\" data-widget_type=\"icon-box.default\">\n\t\t\t\t\t\t\t<div class=\"elementor-icon-box-wrapper\">\n\n\t\t\t\t\t\t<div class=\"elementor-icon-box-icon\">\n\t\t\t\t<span  class=\"elementor-icon\">\n\t\t\t\t<svg aria-hidden=\"true\" class=\"e-font-icon-svg e-fas-hand-holding-heart\" viewBox=\"0 0 576 512\" xmlns=\"http:\/\/www.w3.org\/2000\/svg\"><path d=\"M275.3 250.5c7 7.4 18.4 7.4 25.5 0l108.9-114.2c31.6-33.2 29.8-88.2-5.6-118.8-30.8-26.7-76.7-21.9-104.9 7.7L288 36.9l-11.1-11.6C248.7-4.4 202.8-9.2 172 17.5c-35.3 30.6-37.2 85.6-5.6 118.8l108.9 114.2zm290 77.6c-11.8-10.7-30.2-10-42.6 0L430.3 402c-11.3 9.1-25.4 14-40 14H272c-8.8 0-16-7.2-16-16s7.2-16 16-16h78.3c15.9 0 30.7-10.9 33.3-26.6 3.3-20-12.1-37.4-31.6-37.4H192c-27 0-53.1 9.3-74.1 26.3L71.4 384H16c-8.8 0-16 7.2-16 16v96c0 8.8 7.2 16 16 16h356.8c14.5 0 28.6-4.9 40-14L564 377c15.2-12.1 16.4-35.3 1.3-48.9z\"><\/path><\/svg>\t\t\t\t<\/span>\n\t\t\t<\/div>\n\t\t\t\n\t\t\t\t\t\t<div class=\"elementor-icon-box-content\">\n\n\t\t\t\t\t\t\t\t\t<h3 class=\"elementor-icon-box-title\">\n\t\t\t\t\t\t<span  >\n\t\t\t\t\t\t\t<h2 class=\"elementor-heading-title elementor-size-default elementor-inline-editing pen\" data-elementor-setting-key=\"title\" data-pen-placeholder=\"\u00c9crivez ici...\" style=\"font-family: Poppins, sans-serif;font-weight: 600;line-height: 1.2em;font-size: 48px\">Un quotidien facilit\u00e9<\/h2>\t\t\t\t\t\t<\/span>\n\t\t\t\t\t<\/h3>\n\t\t\t\t\n\t\t\t\t\t\t\t\t\t<p class=\"elementor-icon-box-description\">\n\t\t\t\t\t\t<div style=\"font-family: 'Poppins', sans-serif;color: #000000;font-size: 16px;line-height: 1.6\">\n  <p style=\"color: #A02A61;font-size: 20px;font-weight: 600;text-align: center\">\n    <strong>Le Clos Rosier<\/strong> mettra \u00e0 disposition des <strong>espaces de vie partag\u00e9s<\/strong> :\n  <\/p>\n\n  <ul style=\"list-style-type: disc;margin-left: 20px;margin-top: 10px;margin-bottom: 15px\">\n    <li><strong>Salle \u00e0 manger conviviale<\/strong><\/li>\n    <li><strong>Salle d\u2019activit\u00e9s et de sport adapt\u00e9<\/strong><\/li>\n    <li><strong>Salon bien-\u00eatre et de lecture multim\u00e9dia<\/strong><\/li>\n    <li><strong>Jardin paysager<\/strong> propice \u00e0 la d\u00e9tente<\/li>\n  <\/ul>\n\n  <p>\n    Ces espaces encouragent <strong>les \u00e9changes<\/strong>, <strong>la convivialit\u00e9<\/strong> et \n    <strong>le maintien de l\u2019autonomie<\/strong> dans une ambiance bienveillante.\n  <\/p>\n<\/div>\n\t\t\t\t\t<\/p>\n\t\t\t\t\n\t\t\t<\/div>\n\t\t\t\n\t\t<\/div>\n\t\t\t\t\t\t<\/div>\n\t\t\t\t<div class=\"elementor-element elementor-element-d108a74 elementor-widget elementor-widget-spacer\" data-id=\"d108a74\" data-element_type=\"widget\" data-widget_type=\"spacer.default\">\n\t\t\t\t\t\t\t<div class=\"elementor-spacer\">\n\t\t\t<div class=\"elementor-spacer-inner\"><\/div>\n\t\t<\/div>\n\t\t\t\t\t\t<\/div>\n\t\t\t\t\t<\/div>\n\t\t\t\t<\/div>\n\t\t<div class=\"elementor-element elementor-element-61842da e-flex e-con-boxed e-con e-parent\" data-id=\"61842da\" data-element_type=\"container\">\n\t\t\t\t\t<div class=\"e-con-inner\">\n\t\t\t\t<div class=\"elementor-element elementor-element-6d44e44 elementor-widget elementor-widget-text-editor\" data-id=\"6d44e44\" data-element_type=\"widget\" data-widget_type=\"text-editor.default\">\n\t\t\t\t\t\t\t\t\t<h3>Une ouverture attendue en juillet 2026<\/h3><p data-start=\"1729\" data-end=\"2268\">Ce projet structurant pour le territoire est port\u00e9 par <strong data-start=\"1784\" data-end=\"1800\">l\u2019AMAD Loire<\/strong>, en collaboration avec le <strong data-start=\"1827\" data-end=\"1854\">D\u00e9partement de la Loire<\/strong> et la <strong data-start=\"1861\" data-end=\"1879\">Ville de Feurs<\/strong>.<br data-start=\"1880\" data-end=\"1883\" \/>La <strong data-start=\"1886\" data-end=\"1927\">pose symbolique de la premi\u00e8re pierre<\/strong> s\u2019est d\u00e9roul\u00e9e en pr\u00e9sence de <strong data-start=\"1958\" data-end=\"1977\">Georges Ziegler<\/strong> (Pr\u00e9sident du D\u00e9partement), <strong data-start=\"2006\" data-end=\"2024\">Nadia Bouanani<\/strong> (Directrice de l\u2019AMAD Loire) et <strong data-start=\"2057\" data-end=\"2071\">Guy Veilla<\/strong> (Pr\u00e9sident de l\u2019AMAD).<br data-start=\"2094\" data-end=\"2097\" \/>Les travaux avancent rapidement, avec une ouverture pr\u00e9vue <strong data-start=\"2156\" data-end=\"2172\">\u00e0 l\u2019\u00e9t\u00e9 2026<\/strong>, marquant une nouvelle \u00e9tape dans l\u2019accompagnement et le bien-\u00eatre des seniors du territoire.<\/p>\t\t\t\t\t\t\t\t<\/div>\n\t\t\t\t\t<\/div>\n\t\t\t\t<\/div>\n\t\t<div class=\"elementor-element elementor-element-5c7392b e-flex e-con-boxed e-con e-parent\" data-id=\"5c7392b\" data-element_type=\"container\">\n\t\t\t\t\t<div class=\"e-con-inner\">\n\t\t\t\t<div class=\"elementor-element elementor-element-58a5fe1 elementor-widget elementor-widget-spacer\" data-id=\"58a5fe1\" data-element_type=\"widget\" data-widget_type=\"spacer.default\">\n\t\t\t\t\t\t\t<div class=\"elementor-spacer\">\n\t\t\t<div class=\"elementor-spacer-inner\"><\/div>\n\t\t<\/div>\n\t\t\t\t\t\t<\/div>\n\t\t\t\t<div class=\"elementor-element elementor-element-aaac335 elementor-widget elementor-widget-heading\" data-id=\"aaac335\" data-element_type=\"widget\" data-widget_type=\"heading.default\">\n\t\t\t\t\t<h2 class=\"elementor-heading-title elementor-size-default\">Merci \u00e0 nos partenaires financiers<\/h2>\t\t\t\t<\/div>\n\t\t\t\t\t<\/div>\n\t\t\t\t<\/div>\n\t\t<div class=\"elementor-element elementor-element-5778036 e-flex e-con-boxed e-con e-parent\" data-id=\"5778036\" data-element_type=\"container\">\n\t\t\t\t\t<div class=\"e-con-inner\">\n\t\t\t\t<div class=\"elementor-element elementor-element-98a9230 elementor-arrows-position-inside elementor-pagination-position-outside elementor-widget elementor-widget-image-carousel\" data-id=\"98a9230\" data-element_type=\"widget\" data-settings=\"{&quot;slides_to_show&quot;:&quot;3&quot;,&quot;navigation&quot;:&quot;both&quot;,&quot;autoplay&quot;:&quot;yes&quot;,&quot;pause_on_hover&quot;:&quot;yes&quot;,&quot;pause_on_interaction&quot;:&quot;yes&quot;,&quot;autoplay_speed&quot;:5000,&quot;infinite&quot;:&quot;yes&quot;,&quot;speed&quot;:500}\" data-widget_type=\"image-carousel.default\">\n\t\t\t\t\t\t\t<div class=\"elementor-image-carousel-wrapper swiper\" role=\"region\" aria-roledescription=\"carousel\" aria-label=\"Carrousel d\u2019images\" dir=\"ltr\">\n\t\t\t<div class=\"elementor-image-carousel swiper-wrapper\" aria-live=\"off\">\n\t\t\t\t\t\t\t\t<div class=\"swiper-slide\" role=\"group\" aria-roledescription=\"slide\" aria-label=\"1 sur 3\"><figure class=\"swiper-slide-inner\"><img decoding=\"async\" class=\"swiper-slide-image\" src=\"https:\/\/amad-loire.fr\/wp-content\/uploads\/2025\/12\/Loire-departement-150x150.jpg\" alt=\"Loire d\u00e9partement\" \/><\/figure><\/div><div class=\"swiper-slide\" role=\"group\" aria-roledescription=\"slide\" aria-label=\"2 sur 3\"><figure class=\"swiper-slide-inner\"><img decoding=\"async\" class=\"swiper-slide-image\" src=\"https:\/\/amad-loire.fr\/wp-content\/uploads\/2025\/12\/Carsat-150x150.jpg\" alt=\"Carsat\" \/><\/figure><\/div><div class=\"swiper-slide\" role=\"group\" aria-roledescription=\"slide\" aria-label=\"3 sur 3\"><figure class=\"swiper-slide-inner\"><img decoding=\"async\" class=\"swiper-slide-image\" src=\"https:\/\/amad-loire.fr\/wp-content\/uploads\/2025\/12\/Feurs-Loire-150x150.jpg\" alt=\"Feurs Loire\" \/><\/figure><\/div>\t\t\t<\/div>\n\t\t\t\t\t\t\t\t\t\t\t\t<div class=\"elementor-swiper-button elementor-swiper-button-prev\" role=\"button\" tabindex=\"0\">\n\t\t\t\t\t\t<svg aria-hidden=\"true\" class=\"e-font-icon-svg e-eicon-chevron-left\" viewBox=\"0 0 1000 1000\" xmlns=\"http:\/\/www.w3.org\/2000\/svg\"><path d=\"M646 125C629 125 613 133 604 142L308 442C296 454 292 471 292 487 292 504 296 521 308 533L604 854C617 867 629 875 646 875 663 875 679 871 692 858 704 846 713 829 713 812 713 796 708 779 692 767L438 487 692 225C700 217 708 204 708 187 708 171 704 154 692 142 675 129 663 125 646 125Z\"><\/path><\/svg>\t\t\t\t\t<\/div>\n\t\t\t\t\t<div class=\"elementor-swiper-button elementor-swiper-button-next\" role=\"button\" tabindex=\"0\">\n\t\t\t\t\t\t<svg aria-hidden=\"true\" class=\"e-font-icon-svg e-eicon-chevron-right\" viewBox=\"0 0 1000 1000\" xmlns=\"http:\/\/www.w3.org\/2000\/svg\"><path d=\"M696 533C708 521 713 504 713 487 713 471 708 454 696 446L400 146C388 133 375 125 354 125 338 125 325 129 313 142 300 154 292 171 292 187 292 204 296 221 308 233L563 492 304 771C292 783 288 800 288 817 288 833 296 850 308 863 321 871 338 875 354 875 371 875 388 867 400 854L696 533Z\"><\/path><\/svg>\t\t\t\t\t<\/div>\n\t\t\t\t\n\t\t\t\t\t\t\t\t\t<div class=\"swiper-pagination\"><\/div>\n\t\t\t\t\t\t\t\t\t<\/div>\n\t\t\t\t\t\t<\/div>\n\t\t\t\t\t<\/div>\n\t\t\t\t<\/div>\n\t\t\t\t<\/div>\n\t\t","protected":false},"excerpt":{"rendered":"<p>R\u00e9sidence Autonomie Le Clos Rosier Structure en cours de construction. Situ\u00e9e au chemin de Jaricho \u00e0 Feurs, la nouvelle R\u00e9sidence Autonomie Le Clos Rosier ouvrira prochainement ses portes sur un espace verdoyant de 1 400 m\u00b2.Compos\u00e9e de 26 appartements modernes et confortables, la r\u00e9sidence accueillera des personnes \u00e2g\u00e9es seules ou en couple, d\u00e9sireuses de vivre [&hellip;]<\/p>\n","protected":false},"author":1,"featured_media":0,"parent":0,"menu_order":0,"comment_status":"closed","ping_status":"closed","template":"","meta":{"footnotes":""},"class_list":["post-766","page","type-page","status-publish","hentry"],"_links":{"self":[{"href":"https:\/\/amad-loire.fr\/index.php?rest_route=\/wp\/v2\/pages\/766","targetHints":{"allow":["GET"]}}],"collection":[{"href":"https:\/\/amad-loire.fr\/index.php?rest_route=\/wp\/v2\/pages"}],"about":[{"href":"https:\/\/amad-loire.fr\/index.php?rest_route=\/wp\/v2\/types\/page"}],"author":[{"embeddable":true,"href":"https:\/\/amad-loire.fr\/index.php?rest_route=\/wp\/v2\/users\/1"}],"replies":[{"embeddable":true,"href":"https:\/\/amad-loire.fr\/index.php?rest_route=%2Fwp%2Fv2%2Fcomments&post=766"}],"version-history":[{"count":7,"href":"https:\/\/amad-loire.fr\/index.php?rest_route=\/wp\/v2\/pages\/766\/revisions"}],"predecessor-version":[{"id":779,"href":"https:\/\/amad-loire.fr\/index.php?rest_route=\/wp\/v2\/pages\/766\/revisions\/779"}],"wp:attachment":[{"href":"https:\/\/amad-loire.fr\/index.php?rest_route=%2Fwp%2Fv2%2Fmedia&parent=766"}],"curies":[{"name":"wp","href":"https:\/\/api.w.org\/{rel}","templated":true}]}}