{"id":668,"date":"2025-11-28T00:00:50","date_gmt":"2025-11-27T22:00:50","guid":{"rendered":"http:\/\/amad-loire.fr\/?page_id=668"},"modified":"2026-01-14T13:41:28","modified_gmt":"2026-01-14T11:41:28","slug":"mentions-legales","status":"publish","type":"page","link":"https:\/\/amad-loire.fr\/?page_id=668","title":{"rendered":"Mentions l\u00e9gales"},"content":{"rendered":"\t\t<div data-elementor-type=\"wp-page\" data-elementor-id=\"668\" class=\"elementor elementor-668\">\n\t\t\t\t<div class=\"elementor-element elementor-element-6c114ae e-flex e-con-boxed e-con e-parent\" data-id=\"6c114ae\" data-element_type=\"container\">\n\t\t\t\t\t<div class=\"e-con-inner\">\n\t\t\t\t<div class=\"elementor-element elementor-element-162f534 elementor-widget elementor-widget-text-editor\" data-id=\"162f534\" data-element_type=\"widget\" data-widget_type=\"text-editor.default\">\n\t\t\t\t\t\t\t\t\t<h1 data-start=\"306\" data-end=\"324\">Mentions l\u00e9gales<\/h1><h2 data-start=\"326\" data-end=\"347\">1. \u00c9diteur du site<\/h2><p data-start=\"349\" data-end=\"380\">Le pr\u00e9sent site est \u00e9dit\u00e9 par :<\/p><p data-start=\"382\" data-end=\"595\"><strong data-start=\"382\" data-end=\"432\">AMAD<\/strong><br data-start=\"432\" data-end=\"435\" \/>Association loi 1901<br data-start=\"490\" data-end=\"493\" \/>Si\u00e8ge social : 18 rue Cl\u00e9ment Ader, 42160 Andr\u00e9zieux-Bouth\u00e9on<br data-start=\"526\" data-end=\"529\" \/>T\u00e9l\u00e9phone : 04 77 36 48 29<br data-start=\"549\" data-end=\"552\" \/>Adresse \u00e9lectronique : direction@amad-loire.fr<\/p><p data-start=\"597\" data-end=\"678\">Num\u00e9ro RNA :\u00a0<\/p><p data-start=\"680\" data-end=\"750\">Repr\u00e9sent\u00e9e par :<br data-start=\"697\" data-end=\"700\" \/>Nadia BOUANANI, Directrice<\/p><hr data-start=\"752\" data-end=\"755\" \/><h2 data-start=\"757\" data-end=\"780\">2. Statut du service<\/h2><p data-start=\"782\" data-end=\"916\">AMAD est un groupe d&rsquo;association oeuvrant dans le champ m\u00e9dico-social,\u00a0autoris\u00e9 au titre du <strong data-start=\"860\" data-end=\"904\">Code de l\u2019action sociale et des familles<\/strong>, assurant :<\/p><ul data-start=\"918\" data-end=\"1026\"><li data-start=\"918\" data-end=\"976\"><p data-start=\"920\" data-end=\"976\">des prestations d\u2019aide et d\u2019accompagnement \u00e0 domicile,<\/p><\/li><li data-start=\"977\" data-end=\"1026\"><p data-start=\"979\" data-end=\"1026\">des prestations de soins infirmiers \u00e0 domicile,<\/p><\/li><li data-start=\"977\" data-end=\"1026\">un accueil dans des r\u00e9sidences autonomie<\/li><li data-start=\"977\" data-end=\"1026\">une prise en charge m\u00e9dicale dans des centres de sant\u00e9<\/li><li data-start=\"977\" data-end=\"1026\">une prise en charge en Accueil de Jour<\/li><\/ul><p data-start=\"1028\" data-end=\"1218\">Le service autonomie mixte \u00e0 domicile est <strong data-start=\"1043\" data-end=\"1129\">autoris\u00e9 conjointement par l\u2019Agence r\u00e9gionale de sant\u00e9 et le Conseil d\u00e9partemental<\/strong>, conform\u00e9ment \u00e0 la r\u00e9glementation en vigueur relative aux services autonomie \u00e0 domicile.<\/p><hr data-start=\"1220\" data-end=\"1223\" \/><h2 data-start=\"1225\" data-end=\"1258\">3. Directeur de la publication<\/h2><p data-start=\"1260\" data-end=\"1345\">Le directeur de la publication est :<br data-start=\"1296\" data-end=\"1299\" \/><strong data-start=\"1299\" data-end=\"1318\">Nadia Bouanani<\/strong>, en qualit\u00e9 de directrice.<\/p><hr data-start=\"1347\" data-end=\"1350\" \/><h2 data-start=\"1352\" data-end=\"1377\">4. H\u00e9bergement du site<\/h2><p data-start=\"1379\" data-end=\"1404\">Le site est h\u00e9berg\u00e9 par :<\/p><p data-start=\"1406\" data-end=\"1504\"><strong data-start=\"1406\" data-end=\"1430\">OVH<\/strong><br data-start=\"1450\" data-end=\"1453\" \/>Adresse : 2, rue Kellermann, 59100 Roubaix<br data-start=\"1481\" data-end=\"1484\" \/><br \/><\/p><hr data-start=\"1506\" data-end=\"1509\" \/><h2 data-start=\"1511\" data-end=\"1541\">5. Propri\u00e9t\u00e9 intellectuelle<\/h2><p data-start=\"1543\" data-end=\"1720\">L\u2019ensemble du contenu du site (textes, images, graphismes, logos, ic\u00f4nes, documents t\u00e9l\u00e9chargeables, structure g\u00e9n\u00e9rale) est prot\u00e9g\u00e9 par le droit de la propri\u00e9t\u00e9 intellectuelle.<\/p><p data-start=\"1722\" data-end=\"1975\">Toute reproduction, repr\u00e9sentation, modification, publication, adaptation, totale ou partielle, de ces \u00e9l\u00e9ments, quel que soit le moyen ou le proc\u00e9d\u00e9 utilis\u00e9, est interdite sans l\u2019autorisation \u00e9crite pr\u00e9alable d\u2019AMAD, sauf exceptions pr\u00e9vues par la loi.<\/p><hr data-start=\"1977\" data-end=\"1980\" \/><h2 data-start=\"1982\" data-end=\"2002\">6. Responsabilit\u00e9<\/h2><p data-start=\"2004\" data-end=\"2236\">AMAD s\u2019efforce d\u2019assurer l\u2019exactitude et la mise \u00e0 jour des informations diffus\u00e9es sur ce site.<br data-start=\"2099\" data-end=\"2102\" \/>Toutefois, elle ne saurait \u00eatre tenue responsable d\u2019erreurs, d\u2019omissions ou de l\u2019indisponibilit\u00e9 temporaire de certaines informations.<\/p><p data-start=\"2238\" data-end=\"2345\">L\u2019utilisateur reconna\u00eet utiliser les informations disponibles sur le site sous sa responsabilit\u00e9 exclusive.<\/p><hr data-start=\"2347\" data-end=\"2350\" \/><h2 data-start=\"2352\" data-end=\"2378\">7. Donn\u00e9es personnelles<\/h2><p data-start=\"2380\" data-end=\"2624\">Les donn\u00e9es personnelles collect\u00e9es via le site (formulaire de contact, demande d\u2019information, etc.) sont trait\u00e9es par AMAD dans le respect du <strong data-start=\"2523\" data-end=\"2581\">R\u00e8glement g\u00e9n\u00e9ral sur la protection des donn\u00e9es (RGPD)<\/strong> et de la loi \u00ab Informatique et Libert\u00e9s \u00bb.<\/p><p data-start=\"2626\" data-end=\"2822\">Les donn\u00e9es collect\u00e9es sont exclusivement destin\u00e9es \u00e0 un usage interne (gestion des demandes, information des usagers, relations institutionnelles) et ne font l\u2019objet d\u2019aucune cession \u00e0 des tiers.<\/p><p data-start=\"2824\" data-end=\"3003\">Conform\u00e9ment \u00e0 la r\u00e9glementation en vigueur, toute personne dispose d\u2019un droit d\u2019acc\u00e8s, de rectification, d\u2019effacement, de limitation ou d\u2019opposition au traitement de ses donn\u00e9es.<\/p><p data-start=\"3005\" data-end=\"3141\">Ces droits peuvent \u00eatre exerc\u00e9s en adressant une demande \u00e0 :<br data-start=\"3065\" data-end=\"3068\" \/>\ud83d\udce7 comptabilite1@amad-loire.fr<br data-start=\"3109\" data-end=\"3112\" \/>\ud83d\udcec 18 rue Cl\u00e9ment Ader, 42160 Andr\u00e9zieux-Bouth\u00e9on<\/p><hr data-start=\"3143\" data-end=\"3146\" \/><h2 data-start=\"3148\" data-end=\"3161\">8. Cookies<\/h2><p data-start=\"3163\" data-end=\"3360\">Le site peut utiliser des cookies strictement n\u00e9cessaires \u00e0 son bon fonctionnement ou \u00e0 la mesure d\u2019audience.<br data-start=\"3272\" data-end=\"3275\" \/>L\u2019utilisateur peut configurer son navigateur pour refuser tout ou partie des cookies.<\/p>\t\t\t\t\t\t\t\t<\/div>\n\t\t\t\t\t<\/div>\n\t\t\t\t<\/div>\n\t\t\t\t<\/div>\n\t\t","protected":false},"excerpt":{"rendered":"<p>Mentions l\u00e9gales 1. \u00c9diteur du site Le pr\u00e9sent site est \u00e9dit\u00e9 par : AMADAssociation loi 1901Si\u00e8ge social : 18 rue Cl\u00e9ment Ader, 42160 Andr\u00e9zieux-Bouth\u00e9onT\u00e9l\u00e9phone : 04 77 36 48 29Adresse \u00e9lectronique : direction@amad-loire.fr Num\u00e9ro RNA :\u00a0 Repr\u00e9sent\u00e9e par :Nadia BOUANANI, Directrice 2. Statut du service AMAD est un groupe d&rsquo;association oeuvrant dans le champ m\u00e9dico-social,\u00a0autoris\u00e9 [&hellip;]<\/p>\n","protected":false},"author":1,"featured_media":0,"parent":0,"menu_order":0,"comment_status":"closed","ping_status":"closed","template":"","meta":{"footnotes":""},"class_list":["post-668","page","type-page","status-publish","hentry"],"_links":{"self":[{"href":"https:\/\/amad-loire.fr\/index.php?rest_route=\/wp\/v2\/pages\/668","targetHints":{"allow":["GET"]}}],"collection":[{"href":"https:\/\/amad-loire.fr\/index.php?rest_route=\/wp\/v2\/pages"}],"about":[{"href":"https:\/\/amad-loire.fr\/index.php?rest_route=\/wp\/v2\/types\/page"}],"author":[{"embeddable":true,"href":"https:\/\/amad-loire.fr\/index.php?rest_route=\/wp\/v2\/users\/1"}],"replies":[{"embeddable":true,"href":"https:\/\/amad-loire.fr\/index.php?rest_route=%2Fwp%2Fv2%2Fcomments&post=668"}],"version-history":[{"count":4,"href":"https:\/\/amad-loire.fr\/index.php?rest_route=\/wp\/v2\/pages\/668\/revisions"}],"predecessor-version":[{"id":1036,"href":"https:\/\/amad-loire.fr\/index.php?rest_route=\/wp\/v2\/pages\/668\/revisions\/1036"}],"wp:attachment":[{"href":"https:\/\/amad-loire.fr\/index.php?rest_route=%2Fwp%2Fv2%2Fmedia&parent=668"}],"curies":[{"name":"wp","href":"https:\/\/api.w.org\/{rel}","templated":true}]}}