{"id":446,"date":"2025-11-11T20:18:56","date_gmt":"2025-11-11T18:18:56","guid":{"rendered":"http:\/\/amad-loire.fr\/?page_id=446"},"modified":"2026-01-15T14:16:13","modified_gmt":"2026-01-15T12:16:13","slug":"le-clos-pommier-a-st-marcellin-en-forez","status":"publish","type":"page","link":"https:\/\/amad-loire.fr\/?page_id=446","title":{"rendered":"Le Clos Pommier \u00e0 St Marcellin en Forez"},"content":{"rendered":"\t\t<div data-elementor-type=\"wp-page\" data-elementor-id=\"446\" class=\"elementor elementor-446\">\n\t\t\t\t<div class=\"elementor-element elementor-element-1c0e48a e-flex e-con-boxed e-con e-parent\" data-id=\"1c0e48a\" data-element_type=\"container\">\n\t\t\t\t\t<div class=\"e-con-inner\">\n\t\t\t\t<div class=\"elementor-element elementor-element-5230160 elementor-widget elementor-widget-flex-hero\" data-id=\"5230160\" data-element_type=\"widget\" data-settings=\"{&quot;layout_preset&quot;:&quot;showcase&quot;,&quot;layout_column_structure&quot;:&quot;50-50&quot;,&quot;layout_image_position&quot;:&quot;end&quot;,&quot;primary_button_shape&quot;:&quot;default&quot;,&quot;secondary_button_shape&quot;:&quot;default&quot;,&quot;image_shape&quot;:&quot;sharp&quot;,&quot;box_shape&quot;:&quot;sharp&quot;}\" data-widget_type=\"flex-hero.default\">\n\t\t\t\t<div class=\"elementor-widget-container\">\n\t\t\t\t\t\t\t<div class=\"has-shape-sharp shape-type-box has-column-structure-50-50  ehp-flex-hero has-layout-preset-showcase has-image-position-end\">\n\t\t\t\t\t\t<div class=\"ehp-flex-hero__overlay\"><\/div>\n\t\t\t<div class=\"ehp-flex-hero__content-container\">\n\t\t\t\t<h1 class=\"ehp-flex-hero__heading\">R\u00e9sidence autonomie Le Clos Pommier<\/h1><h2 class=\"ehp-flex-hero__subheading\">Vivez heureux, vivez chez nous.<\/h2>\t\t\t<div class=\"ehp-flex-hero__ctas-container\">\n\t\t\t\t\t\t<a class=\"has-shape-default shape-type-button ehp-button ehp-button--primary ehp-flex-hero__button ehp-flex-hero__button--primary is-type-button\" href=\"https:\/\/amad-loire.fr\/wp-content\/uploads\/2025\/11\/1.Dossier-dadmission-Clos-St-Romain-.pdf\">\n\t\t\t\t\t<span class=\"ehp-button__text ehp-flex-hero__button-text ehp-flex-hero__button-text--primary\">\n\t\t\tT\u00e9l\u00e9charger la fiche d&#039;admission\t\t\t\t<\/a>\n\t\t\t\t\t\t\t\t<a class=\"has-shape-default shape-type-button ehp-button ehp-button--secondary ehp-flex-hero__button ehp-flex-hero__button--secondary is-type-button has-border\" href=\"https:\/\/usager.viatrajectoire.fr\/\">\n\t\t\t\t\t<span class=\"ehp-button__text ehp-flex-hero__button-text ehp-flex-hero__button-text--secondary\">\n\t\t\tViatrajectoire\t\t\t\t<\/a>\n\t\t\t\t\t<\/div>\n\t\t\t\t\t<\/div>\n\t\t\t\t<div class=\"ehp-flex-hero__image-wrapper\">\n\t\t\t\t\t<div class=\"ehp-image ehp-flex-hero__image-container\">\n\t\t\t\t<img decoding=\"async\" class=\"ehp-image__img ehp-flex-hero__img has-shape-sharp shape-type-image\" src=\"https:\/\/amad-loire.fr\/wp-content\/uploads\/2025\/11\/Le-clos-pommier-1.jpg\" title=\"Le clos pommier 1\" alt=\"Le clos pommier 1\" loading=\"lazy\" \/>\t\t\t<\/div>\n\t\t\t\t\t<\/div>\n\t\t\t\t<\/div>\n\t\t\t\t\t\t<\/div>\n\t\t\t\t<\/div>\n\t\t\t\t\t<\/div>\n\t\t\t\t<\/div>\n\t\t<div class=\"elementor-element elementor-element-1eca187 e-flex e-con-boxed e-con e-parent\" data-id=\"1eca187\" data-element_type=\"container\">\n\t\t\t\t\t<div class=\"e-con-inner\">\n\t\t<div class=\"elementor-element elementor-element-64c4b20 e-con-full e-flex e-con e-child\" data-id=\"64c4b20\" data-element_type=\"container\">\n\t\t\t\t<\/div>\n\t\t<div class=\"elementor-element elementor-element-6643fe3 e-con-full e-flex e-con e-child\" data-id=\"6643fe3\" data-element_type=\"container\">\n\t\t\t\t<div class=\"elementor-element elementor-element-17ad2a7 elementor-view-stacked elementor-shape-circle elementor-widget elementor-widget-icon\" data-id=\"17ad2a7\" data-element_type=\"widget\" data-widget_type=\"icon.default\">\n\t\t\t\t\t\t\t<div class=\"elementor-icon-wrapper\">\n\t\t\t<div class=\"elementor-icon\">\n\t\t\t<svg aria-hidden=\"true\" class=\"e-font-icon-svg e-fas-home\" viewBox=\"0 0 576 512\" xmlns=\"http:\/\/www.w3.org\/2000\/svg\"><path d=\"M280.37 148.26L96 300.11V464a16 16 0 0 0 16 16l112.06-.29a16 16 0 0 0 15.92-16V368a16 16 0 0 1 16-16h64a16 16 0 0 1 16 16v95.64a16 16 0 0 0 16 16.05L464 480a16 16 0 0 0 16-16V300L295.67 148.26a12.19 12.19 0 0 0-15.3 0zM571.6 251.47L488 182.56V44.05a12 12 0 0 0-12-12h-56a12 12 0 0 0-12 12v72.61L318.47 43a48 48 0 0 0-61 0L4.34 251.47a12 12 0 0 0-1.6 16.9l25.5 31A12 12 0 0 0 45.15 301l235.22-193.74a12.19 12.19 0 0 1 15.3 0L530.9 301a12 12 0 0 0 16.9-1.6l25.5-31a12 12 0 0 0-1.7-16.93z\"><\/path><\/svg>\t\t\t<\/div>\n\t\t<\/div>\n\t\t\t\t\t\t<\/div>\n\t\t\t\t<div class=\"elementor-element elementor-element-886cffb elementor-widget elementor-widget-text-editor\" data-id=\"886cffb\" data-element_type=\"widget\" data-widget_type=\"text-editor.default\">\n\t\t\t\t\t\t\t\t\t<p>Situ\u00e9e au c\u0153ur de Saint-Marcellin-en-Forez, la r\u00e9sidence autonomie <em data-start=\"962\" data-end=\"979\">Le Clos Pommier<\/em> accueille les personnes seules ou en couple, d\u00e8s 60 ans, souhaitant conserver leur ind\u00e9pendance tout en b\u00e9n\u00e9ficiant d\u2019un cadre de vie s\u00e9curis\u00e9 et convivial.<br data-start=\"1136\" data-end=\"1139\" \/>V\u00e9ritable alternative \u00e0 la maison de retraite, cette r\u00e9sidence non m\u00e9dicalis\u00e9e conjugue confort, libert\u00e9 et accompagnement personnalis\u00e9.<\/p>\t\t\t\t\t\t\t\t<\/div>\n\t\t\t\t<div class=\"elementor-element elementor-element-1ef3571 elementor-widget elementor-widget-spacer\" data-id=\"1ef3571\" data-element_type=\"widget\" data-widget_type=\"spacer.default\">\n\t\t\t\t\t\t\t<div class=\"elementor-spacer\">\n\t\t\t<div class=\"elementor-spacer-inner\"><\/div>\n\t\t<\/div>\n\t\t\t\t\t\t<\/div>\n\t\t\t\t<\/div>\n\t\t<div class=\"elementor-element elementor-element-772c00e e-con-full e-flex e-con e-child\" data-id=\"772c00e\" data-element_type=\"container\">\n\t\t\t\t<\/div>\n\t\t\t\t\t<\/div>\n\t\t\t\t<\/div>\n\t\t<div class=\"elementor-element elementor-element-95c1574 e-flex e-con-boxed e-con e-parent\" data-id=\"95c1574\" data-element_type=\"container\">\n\t\t\t\t\t<div class=\"e-con-inner\">\n\t\t\t\t<div class=\"elementor-element elementor-element-8df5773 elementor-widget elementor-widget-heading\" data-id=\"8df5773\" data-element_type=\"widget\" data-widget_type=\"heading.default\">\n\t\t\t\t\t<h2 class=\"elementor-heading-title elementor-size-default\">Des logements confortables et adapt\u00e9s<\/h2>\t\t\t\t<\/div>\n\t\t\t\t\t<\/div>\n\t\t\t\t<\/div>\n\t\t<div class=\"elementor-element elementor-element-5bc7082 e-flex e-con-boxed e-con e-parent\" data-id=\"5bc7082\" data-element_type=\"container\">\n\t\t\t\t\t<div class=\"e-con-inner\">\n\t\t<div class=\"elementor-element elementor-element-72e2e16 e-con-full e-flex e-con e-child\" data-id=\"72e2e16\" data-element_type=\"container\">\n\t\t\t\t<div class=\"elementor-element elementor-element-b805d6b elementor-widget elementor-widget-image\" data-id=\"b805d6b\" data-element_type=\"widget\" data-widget_type=\"image.default\">\n\t\t\t\t\t\t\t\t\t\t\t\t\t\t\t<img fetchpriority=\"high\" decoding=\"async\" width=\"800\" height=\"539\" src=\"https:\/\/amad-loire.fr\/wp-content\/uploads\/2025\/11\/Le-clos-pommier-1-1024x690.jpg\" class=\"attachment-large size-large wp-image-576\" alt=\"\" srcset=\"https:\/\/amad-loire.fr\/wp-content\/uploads\/2025\/11\/Le-clos-pommier-1-1024x690.jpg 1024w, https:\/\/amad-loire.fr\/wp-content\/uploads\/2025\/11\/Le-clos-pommier-1-300x202.jpg 300w, https:\/\/amad-loire.fr\/wp-content\/uploads\/2025\/11\/Le-clos-pommier-1-768x518.jpg 768w, https:\/\/amad-loire.fr\/wp-content\/uploads\/2025\/11\/Le-clos-pommier-1.jpg 1136w\" sizes=\"(max-width: 800px) 100vw, 800px\" \/>\t\t\t\t\t\t\t\t\t\t\t\t\t\t\t<\/div>\n\t\t\t\t<\/div>\n\t\t<div class=\"elementor-element elementor-element-6f22208 e-con-full e-flex e-con e-child\" data-id=\"6f22208\" data-element_type=\"container\">\n\t\t\t\t<div class=\"elementor-element elementor-element-5be8e76 elementor-widget elementor-widget-text-editor\" data-id=\"5be8e76\" data-element_type=\"widget\" data-widget_type=\"text-editor.default\">\n\t\t\t\t\t\t\t\t\t<p>Les appartements T2 de 30 m\u00b2 disposent chacun d\u2019une terrasse privative.<br data-start=\"1524\" data-end=\"1527\" \/>Tous les logements sont enti\u00e8rement \u00e9quip\u00e9s et comprennent les charges, la t\u00e9l\u00e9phonie et l\u2019acc\u00e8s Internet illimit\u00e9.<br data-start=\"1644\" data-end=\"1647\" \/>L\u2019environnement est pens\u00e9 pour offrir un sentiment de chez-soi, avec la s\u00e9r\u00e9nit\u00e9 d\u2019un cadre collectif.<\/p>\t\t\t\t\t\t\t\t<\/div>\n\t\t\t\t<\/div>\n\t\t\t\t\t<\/div>\n\t\t\t\t<\/div>\n\t\t<div class=\"elementor-element elementor-element-3c8c201 e-flex e-con-boxed e-con e-parent\" data-id=\"3c8c201\" data-element_type=\"container\">\n\t\t\t\t\t<div class=\"e-con-inner\">\n\t\t\t\t<div class=\"elementor-element elementor-element-7e907e7 elementor-widget elementor-widget-spacer\" data-id=\"7e907e7\" data-element_type=\"widget\" data-widget_type=\"spacer.default\">\n\t\t\t\t\t\t\t<div class=\"elementor-spacer\">\n\t\t\t<div class=\"elementor-spacer-inner\"><\/div>\n\t\t<\/div>\n\t\t\t\t\t\t<\/div>\n\t\t\t\t\t<\/div>\n\t\t\t\t<\/div>\n\t\t<div class=\"elementor-element elementor-element-0eb6a08 e-flex e-con-boxed e-con e-parent\" data-id=\"0eb6a08\" data-element_type=\"container\">\n\t\t\t\t\t<div class=\"e-con-inner\">\n\t\t\t\t<div class=\"elementor-element elementor-element-1ffca0a elementor-view-stacked elementor-shape-circle elementor-position-top elementor-mobile-position-top elementor-widget elementor-widget-icon-box\" data-id=\"1ffca0a\" data-element_type=\"widget\" data-widget_type=\"icon-box.default\">\n\t\t\t\t\t\t\t<div class=\"elementor-icon-box-wrapper\">\n\n\t\t\t\t\t\t<div class=\"elementor-icon-box-icon\">\n\t\t\t\t<span  class=\"elementor-icon\">\n\t\t\t\t<svg aria-hidden=\"true\" class=\"e-font-icon-svg e-fas-hand-holding-heart\" viewBox=\"0 0 576 512\" xmlns=\"http:\/\/www.w3.org\/2000\/svg\"><path d=\"M275.3 250.5c7 7.4 18.4 7.4 25.5 0l108.9-114.2c31.6-33.2 29.8-88.2-5.6-118.8-30.8-26.7-76.7-21.9-104.9 7.7L288 36.9l-11.1-11.6C248.7-4.4 202.8-9.2 172 17.5c-35.3 30.6-37.2 85.6-5.6 118.8l108.9 114.2zm290 77.6c-11.8-10.7-30.2-10-42.6 0L430.3 402c-11.3 9.1-25.4 14-40 14H272c-8.8 0-16-7.2-16-16s7.2-16 16-16h78.3c15.9 0 30.7-10.9 33.3-26.6 3.3-20-12.1-37.4-31.6-37.4H192c-27 0-53.1 9.3-74.1 26.3L71.4 384H16c-8.8 0-16 7.2-16 16v96c0 8.8 7.2 16 16 16h356.8c14.5 0 28.6-4.9 40-14L564 377c15.2-12.1 16.4-35.3 1.3-48.9z\"><\/path><\/svg>\t\t\t\t<\/span>\n\t\t\t<\/div>\n\t\t\t\n\t\t\t\t\t\t<div class=\"elementor-icon-box-content\">\n\n\t\t\t\t\t\t\t\t\t<h3 class=\"elementor-icon-box-title\">\n\t\t\t\t\t\t<span  >\n\t\t\t\t\t\t\t<h2 class=\"elementor-heading-title elementor-size-default elementor-inline-editing pen\" data-elementor-setting-key=\"title\" data-pen-placeholder=\"\u00c9crivez ici...\" style=\"font-family: Poppins, sans-serif;font-weight: 600;line-height: 1.2em;font-size: 48px\">Un quotidien facilit\u00e9<\/h2>\t\t\t\t\t\t<\/span>\n\t\t\t\t\t<\/h3>\n\t\t\t\t\n\t\t\t\t\t\t\t\t\t<p class=\"elementor-icon-box-description\">\n\t\t\t\t\t\t\n\n<div class=\"services-clos-pommier\">\n\n  <p><strong>Repas complets et \u00e9quilibr\u00e9s :<\/strong> une cuisine maison pr\u00e9par\u00e9e sur place avec des produits locaux, bio et de qualit\u00e9.<\/p>\n\n  <p><strong>M\u00e9nage et blanchisserie :<\/strong> un service inclus pour plus de confort.<\/p>\n\n  <p><strong>T\u00e9l\u00e9assistance 24h\/24 :<\/strong> s\u00e9curit\u00e9 assur\u00e9e jour et nuit.<\/p>\n\n  <p><strong>Espaces collectifs :<\/strong> salle de sport adapt\u00e9e, salon d\u00e9tente, jardin.<\/p>\n\n  <p><strong>Animations quotidiennes :<\/strong> du lundi au vendredi, pour maintenir le lien social.<\/p>\n\n  <p><strong>Coordination m\u00e9dico-sociale :<\/strong> un accompagnement \u00e0 la carte selon les besoins.<\/p>\n\n<\/div>\n\t\t\t\t\t<\/p>\n\t\t\t\t\n\t\t\t<\/div>\n\t\t\t\n\t\t<\/div>\n\t\t\t\t\t\t<\/div>\n\t\t\t\t<div class=\"elementor-element elementor-element-3a40e94 elementor-widget elementor-widget-spacer\" data-id=\"3a40e94\" data-element_type=\"widget\" data-widget_type=\"spacer.default\">\n\t\t\t\t\t\t\t<div class=\"elementor-spacer\">\n\t\t\t<div class=\"elementor-spacer-inner\"><\/div>\n\t\t<\/div>\n\t\t\t\t\t\t<\/div>\n\t\t\t\t\t<\/div>\n\t\t\t\t<\/div>\n\t\t<div class=\"elementor-element elementor-element-7e3bbcb e-flex e-con-boxed e-con e-parent\" data-id=\"7e3bbcb\" data-element_type=\"container\">\n\t\t\t\t\t<div class=\"e-con-inner\">\n\t\t\t\t<div class=\"elementor-element elementor-element-ec82aa0 elementor-widget elementor-widget-heading\" data-id=\"ec82aa0\" data-element_type=\"widget\" data-widget_type=\"heading.default\">\n\t\t\t\t\t<h2 class=\"elementor-heading-title elementor-size-default\">Tarifs et conditions<\/h2>\t\t\t\t<\/div>\n\t\t\t\t\t<\/div>\n\t\t\t\t<\/div>\n\t\t<div class=\"elementor-element elementor-element-feddc55 e-flex e-con-boxed e-con e-parent\" data-id=\"feddc55\" data-element_type=\"container\">\n\t\t\t\t\t<div class=\"e-con-inner\">\n\t\t<div class=\"elementor-element elementor-element-42089d9 e-con-full e-flex e-con e-child\" data-id=\"42089d9\" data-element_type=\"container\">\n\t\t\t\t<\/div>\n\t\t<div class=\"elementor-element elementor-element-50d107d e-con-full e-flex e-con e-child\" data-id=\"50d107d\" data-element_type=\"container\">\n\t\t\t\t<div class=\"elementor-element elementor-element-83ff604 elementor-widget elementor-widget-text-editor\" data-id=\"83ff604\" data-element_type=\"widget\" data-widget_type=\"text-editor.default\">\n\t\t\t\t\t\t\t\t\t<p>La r\u00e9sidence offre un excellent rapport qualit\u00e9-prix incluant logement, repas, services et s\u00e9curit\u00e9.<br data-start=\"2590\" data-end=\"2593\" \/>Les inscriptions sont ouvertes toute l\u2019ann\u00e9e, selon les disponibilit\u00e9s.<\/p>\t\t\t\t\t\t\t\t<\/div>\n\t\t\t\t<\/div>\n\t\t<div class=\"elementor-element elementor-element-1b398e1 e-con-full e-flex e-con e-child\" data-id=\"1b398e1\" data-element_type=\"container\">\n\t\t\t\t<\/div>\n\t\t\t\t\t<\/div>\n\t\t\t\t<\/div>\n\t\t<div class=\"elementor-element elementor-element-1a269c7 e-flex e-con-boxed e-con e-parent\" data-id=\"1a269c7\" data-element_type=\"container\">\n\t\t\t\t\t<div class=\"e-con-inner\">\n\t\t<div class=\"elementor-element elementor-element-6daec69 e-con-full e-flex e-con e-child\" data-id=\"6daec69\" data-element_type=\"container\">\n\t\t\t\t<\/div>\n\t\t<div class=\"elementor-element elementor-element-b802cb9 e-con-full e-flex e-con e-child\" data-id=\"b802cb9\" data-element_type=\"container\">\n\t\t\t\t<div class=\"elementor-element elementor-element-5d62dde elementor-widget elementor-widget-spacer\" data-id=\"5d62dde\" data-element_type=\"widget\" data-widget_type=\"spacer.default\">\n\t\t\t\t\t\t\t<div class=\"elementor-spacer\">\n\t\t\t<div class=\"elementor-spacer-inner\"><\/div>\n\t\t<\/div>\n\t\t\t\t\t\t<\/div>\n\t\t\t\t<div class=\"elementor-element elementor-element-3174936 elementor-align-center elementor-widget elementor-widget-button\" data-id=\"3174936\" data-element_type=\"widget\" data-widget_type=\"button.default\">\n\t\t\t\t\t\t\t\t\t\t<a class=\"elementor-button elementor-button-link elementor-size-sm\" href=\"https:\/\/amad-loire.fr\/wp-content\/uploads\/2025\/11\/affiche-RESIDENCE-AUTONOMIE-LE-CLOS-POMMIER.pdf\">\n\t\t\t\t\t\t<span class=\"elementor-button-content-wrapper\">\n\t\t\t\t\t\t\t\t\t<span class=\"elementor-button-text\">T\u00e9l\u00e9chargez la brochure<\/span>\n\t\t\t\t\t<\/span>\n\t\t\t\t\t<\/a>\n\t\t\t\t\t\t\t\t<\/div>\n\t\t\t\t<\/div>\n\t\t<div class=\"elementor-element elementor-element-9cee889 e-con-full e-flex e-con e-child\" data-id=\"9cee889\" data-element_type=\"container\">\n\t\t\t\t<\/div>\n\t\t\t\t\t<\/div>\n\t\t\t\t<\/div>\n\t\t<div class=\"elementor-element elementor-element-fd7ed79 e-flex e-con-boxed e-con e-parent\" data-id=\"fd7ed79\" data-element_type=\"container\">\n\t\t\t\t\t<div class=\"e-con-inner\">\n\t\t\t\t<div class=\"elementor-element elementor-element-505a6db elementor-widget elementor-widget-spacer\" data-id=\"505a6db\" data-element_type=\"widget\" data-widget_type=\"spacer.default\">\n\t\t\t\t\t\t\t<div class=\"elementor-spacer\">\n\t\t\t<div class=\"elementor-spacer-inner\"><\/div>\n\t\t<\/div>\n\t\t\t\t\t\t<\/div>\n\t\t\t\t<div class=\"elementor-element elementor-element-d01c8af elementor-widget elementor-widget-heading\" data-id=\"d01c8af\" data-element_type=\"widget\" data-widget_type=\"heading.default\">\n\t\t\t\t\t<h2 class=\"elementor-heading-title elementor-size-default\">Merci \u00e0 nos partenaires<\/h2>\t\t\t\t<\/div>\n\t\t\t\t\t<\/div>\n\t\t\t\t<\/div>\n\t\t<div class=\"elementor-element elementor-element-4517408 e-flex e-con-boxed e-con e-parent\" data-id=\"4517408\" data-element_type=\"container\">\n\t\t\t\t\t<div class=\"e-con-inner\">\n\t\t\t\t<div class=\"elementor-element elementor-element-6aea3c3 elementor-arrows-position-inside elementor-pagination-position-outside elementor-widget elementor-widget-image-carousel\" data-id=\"6aea3c3\" data-element_type=\"widget\" data-settings=\"{&quot;slides_to_show&quot;:&quot;5&quot;,&quot;navigation&quot;:&quot;both&quot;,&quot;autoplay&quot;:&quot;yes&quot;,&quot;pause_on_hover&quot;:&quot;yes&quot;,&quot;pause_on_interaction&quot;:&quot;yes&quot;,&quot;autoplay_speed&quot;:5000,&quot;infinite&quot;:&quot;yes&quot;,&quot;speed&quot;:500}\" data-widget_type=\"image-carousel.default\">\n\t\t\t\t\t\t\t<div class=\"elementor-image-carousel-wrapper swiper\" role=\"region\" aria-roledescription=\"carousel\" aria-label=\"Carrousel d\u2019images\" dir=\"ltr\">\n\t\t\t<div class=\"elementor-image-carousel swiper-wrapper\" aria-live=\"off\">\n\t\t\t\t\t\t\t\t<div class=\"swiper-slide\" role=\"group\" aria-roledescription=\"slide\" aria-label=\"1 sur 5\"><figure class=\"swiper-slide-inner\"><img decoding=\"async\" class=\"swiper-slide-image\" src=\"https:\/\/amad-loire.fr\/wp-content\/uploads\/2025\/12\/Loire-departement-150x150.jpg\" alt=\"Loire d\u00e9partement\" \/><\/figure><\/div><div class=\"swiper-slide\" role=\"group\" aria-roledescription=\"slide\" aria-label=\"2 sur 5\"><figure class=\"swiper-slide-inner\"><img decoding=\"async\" class=\"swiper-slide-image\" src=\"https:\/\/amad-loire.fr\/wp-content\/uploads\/2025\/12\/Carsat-150x150.jpg\" alt=\"Carsat\" \/><\/figure><\/div><div class=\"swiper-slide\" role=\"group\" aria-roledescription=\"slide\" aria-label=\"3 sur 5\"><figure class=\"swiper-slide-inner\"><img decoding=\"async\" class=\"swiper-slide-image\" src=\"https:\/\/amad-loire.fr\/wp-content\/uploads\/2025\/12\/Batir-et-Loger-2-150x150.jpg\" alt=\"Batir et Loger (2)\" \/><\/figure><\/div><div class=\"swiper-slide\" role=\"group\" aria-roledescription=\"slide\" aria-label=\"4 sur 5\"><figure class=\"swiper-slide-inner\"><img decoding=\"async\" class=\"swiper-slide-image\" src=\"https:\/\/amad-loire.fr\/wp-content\/uploads\/2025\/12\/AG2R-LA-MONdiale-150x150.jpg\" alt=\"AG2R LA MONdiale\" \/><\/figure><\/div><div class=\"swiper-slide\" role=\"group\" aria-roledescription=\"slide\" aria-label=\"5 sur 5\"><figure class=\"swiper-slide-inner\"><img decoding=\"async\" class=\"swiper-slide-image\" src=\"https:\/\/amad-loire.fr\/wp-content\/uploads\/2025\/12\/St-Marcellin-en-Forez-150x150.jpg\" alt=\"St Marcellin en Forez\" \/><\/figure><\/div>\t\t\t<\/div>\n\t\t\t\t\t\t\t\t\t\t\t\t<div class=\"elementor-swiper-button elementor-swiper-button-prev\" role=\"button\" tabindex=\"0\">\n\t\t\t\t\t\t<svg aria-hidden=\"true\" class=\"e-font-icon-svg e-eicon-chevron-left\" viewBox=\"0 0 1000 1000\" xmlns=\"http:\/\/www.w3.org\/2000\/svg\"><path d=\"M646 125C629 125 613 133 604 142L308 442C296 454 292 471 292 487 292 504 296 521 308 533L604 854C617 867 629 875 646 875 663 875 679 871 692 858 704 846 713 829 713 812 713 796 708 779 692 767L438 487 692 225C700 217 708 204 708 187 708 171 704 154 692 142 675 129 663 125 646 125Z\"><\/path><\/svg>\t\t\t\t\t<\/div>\n\t\t\t\t\t<div class=\"elementor-swiper-button elementor-swiper-button-next\" role=\"button\" tabindex=\"0\">\n\t\t\t\t\t\t<svg aria-hidden=\"true\" class=\"e-font-icon-svg e-eicon-chevron-right\" viewBox=\"0 0 1000 1000\" xmlns=\"http:\/\/www.w3.org\/2000\/svg\"><path d=\"M696 533C708 521 713 504 713 487 713 471 708 454 696 446L400 146C388 133 375 125 354 125 338 125 325 129 313 142 300 154 292 171 292 187 292 204 296 221 308 233L563 492 304 771C292 783 288 800 288 817 288 833 296 850 308 863 321 871 338 875 354 875 371 875 388 867 400 854L696 533Z\"><\/path><\/svg>\t\t\t\t\t<\/div>\n\t\t\t\t\n\t\t\t\t\t\t\t\t\t<div class=\"swiper-pagination\"><\/div>\n\t\t\t\t\t\t\t\t\t<\/div>\n\t\t\t\t\t\t<\/div>\n\t\t\t\t\t<\/div>\n\t\t\t\t<\/div>\n\t\t<div class=\"elementor-element elementor-element-51d1c63 e-flex e-con-boxed e-con e-parent\" data-id=\"51d1c63\" data-element_type=\"container\">\n\t\t\t\t\t<div class=\"e-con-inner\">\n\t\t<div class=\"elementor-element elementor-element-2226791 e-con-full e-flex e-con e-child\" data-id=\"2226791\" data-element_type=\"container\">\n\t\t<div class=\"elementor-element elementor-element-8a6220f e-con-full e-flex e-con e-child\" data-id=\"8a6220f\" data-element_type=\"container\">\n\t\t\t\t<div class=\"elementor-element elementor-element-db086c5 elementor-widget elementor-widget-google_maps\" data-id=\"db086c5\" data-element_type=\"widget\" data-widget_type=\"google_maps.default\">\n\t\t\t\t\t\t\t<div class=\"elementor-custom-embed\">\n\t\t\t<iframe loading=\"lazy\"\n\t\t\t\t\tsrc=\"https:\/\/maps.google.com\/maps?q=20b%20rue%20du%20docteur%20guignard%2C%2042680&#038;t=m&#038;z=11&#038;output=embed&#038;iwloc=near\"\n\t\t\t\t\ttitle=\"20b rue du docteur guignard, 42680\"\n\t\t\t\t\taria-label=\"20b rue du docteur guignard, 42680\"\n\t\t\t><\/iframe>\n\t\t<\/div>\n\t\t\t\t\t\t<\/div>\n\t\t\t\t<\/div>\n\t\t\t\t<\/div>\n\t\t\t\t\t<\/div>\n\t\t\t\t<\/div>\n\t\t<div class=\"elementor-element elementor-element-381c23a e-flex e-con-boxed e-con e-parent\" data-id=\"381c23a\" data-element_type=\"container\">\n\t\t\t\t\t<div class=\"e-con-inner\">\n\t\t<div class=\"elementor-element elementor-element-b69dadd e-con-full e-flex e-con e-child\" data-id=\"b69dadd\" data-element_type=\"container\">\n\t\t\t\t<\/div>\n\t\t<div class=\"elementor-element elementor-element-c8f2a48 e-con-full e-flex e-con e-child\" data-id=\"c8f2a48\" data-element_type=\"container\">\n\t\t\t\t<div class=\"elementor-element elementor-element-bf562e3 elementor-widget elementor-widget-spacer\" data-id=\"bf562e3\" data-element_type=\"widget\" data-widget_type=\"spacer.default\">\n\t\t\t\t\t\t\t<div class=\"elementor-spacer\">\n\t\t\t<div class=\"elementor-spacer-inner\"><\/div>\n\t\t<\/div>\n\t\t\t\t\t\t<\/div>\n\t\t\t\t<div class=\"elementor-element elementor-element-cb0a6f6 elementor-widget elementor-widget-text-editor\" data-id=\"cb0a6f6\" data-element_type=\"widget\" data-widget_type=\"text-editor.default\">\n\t\t\t\t\t\t\t\t\t<p><strong data-start=\"2713\" data-end=\"2726\">Contact et informations<\/strong><\/p><p><strong data-start=\"2713\" data-end=\"2726\">Adresse :<\/strong> 20B rue du Dr Guinard, 42680 Saint-Marcellin-en-Forez<br data-start=\"2780\" data-end=\"2783\" \/><strong data-start=\"2785\" data-end=\"2800\">T\u00e9l\u00e9phone :<\/strong> 04 69 35 05 74<br data-start=\"2815\" data-end=\"2818\" \/><strong data-start=\"2820\" data-end=\"2831\">Email :<\/strong> <a class=\"decorated-link cursor-pointer\" rel=\"noopener\" data-start=\"2832\" data-end=\"2857\">hebergement@amad-loire.fr<\/a><\/p>\t\t\t\t\t\t\t\t<\/div>\n\t\t\t\t<\/div>\n\t\t<div class=\"elementor-element elementor-element-a10b794 e-con-full e-flex e-con e-child\" data-id=\"a10b794\" data-element_type=\"container\">\n\t\t\t\t<\/div>\n\t\t\t\t\t<\/div>\n\t\t\t\t<\/div>\n\t\t\t\t<\/div>\n\t\t","protected":false},"excerpt":{"rendered":"<p>R\u00e9sidence autonomie Le Clos Pommier Vivez heureux, vivez chez nous. T\u00e9l\u00e9charger la fiche d&#039;admission Viatrajectoire Situ\u00e9e au c\u0153ur de Saint-Marcellin-en-Forez, la r\u00e9sidence autonomie Le Clos Pommier accueille les personnes seules ou en couple, d\u00e8s 60 ans, souhaitant conserver leur ind\u00e9pendance tout en b\u00e9n\u00e9ficiant d\u2019un cadre de vie s\u00e9curis\u00e9 et convivial.V\u00e9ritable alternative \u00e0 la maison de [&hellip;]<\/p>\n","protected":false},"author":1,"featured_media":0,"parent":0,"menu_order":0,"comment_status":"closed","ping_status":"closed","template":"","meta":{"footnotes":""},"class_list":["post-446","page","type-page","status-publish","hentry"],"_links":{"self":[{"href":"https:\/\/amad-loire.fr\/index.php?rest_route=\/wp\/v2\/pages\/446","targetHints":{"allow":["GET"]}}],"collection":[{"href":"https:\/\/amad-loire.fr\/index.php?rest_route=\/wp\/v2\/pages"}],"about":[{"href":"https:\/\/amad-loire.fr\/index.php?rest_route=\/wp\/v2\/types\/page"}],"author":[{"embeddable":true,"href":"https:\/\/amad-loire.fr\/index.php?rest_route=\/wp\/v2\/users\/1"}],"replies":[{"embeddable":true,"href":"https:\/\/amad-loire.fr\/index.php?rest_route=%2Fwp%2Fv2%2Fcomments&post=446"}],"version-history":[{"count":82,"href":"https:\/\/amad-loire.fr\/index.php?rest_route=\/wp\/v2\/pages\/446\/revisions"}],"predecessor-version":[{"id":1205,"href":"https:\/\/amad-loire.fr\/index.php?rest_route=\/wp\/v2\/pages\/446\/revisions\/1205"}],"wp:attachment":[{"href":"https:\/\/amad-loire.fr\/index.php?rest_route=%2Fwp%2Fv2%2Fmedia&parent=446"}],"curies":[{"name":"wp","href":"https:\/\/api.w.org\/{rel}","templated":true}]}}