{"id":44,"date":"2025-09-13T21:05:40","date_gmt":"2025-09-13T21:05:40","guid":{"rendered":"https:\/\/amad-loire.fr\/?page_id=44"},"modified":"2026-01-15T12:41:54","modified_gmt":"2026-01-15T10:41:54","slug":"nos-tarifs","status":"publish","type":"page","link":"https:\/\/amad-loire.fr\/?page_id=44","title":{"rendered":"Nos tarifs"},"content":{"rendered":"\t\t<div data-elementor-type=\"wp-page\" data-elementor-id=\"44\" class=\"elementor elementor-44\">\n\t\t\t\t<div class=\"elementor-element elementor-element-6916290 e-flex e-con-boxed e-con e-parent\" data-id=\"6916290\" data-element_type=\"container\">\n\t\t\t\t\t<div class=\"e-con-inner\">\n\t\t\t\t<div class=\"elementor-element elementor-element-f66dffb elementor-widget-divider--view-line elementor-widget elementor-widget-divider\" data-id=\"f66dffb\" data-element_type=\"widget\" data-widget_type=\"divider.default\">\n\t\t\t\t\t\t\t<div class=\"elementor-divider\">\n\t\t\t<span class=\"elementor-divider-separator\">\n\t\t\t\t\t\t<\/span>\n\t\t<\/div>\n\t\t\t\t\t\t<\/div>\n\t\t\t\t<div class=\"elementor-element elementor-element-c7910e0 elementor-widget elementor-widget-heading\" data-id=\"c7910e0\" data-element_type=\"widget\" data-widget_type=\"heading.default\">\n\t\t\t\t\t<h2 class=\"elementor-heading-title elementor-size-default\">Nos tarifs<\/h2>\t\t\t\t<\/div>\n\t\t\t\t<div class=\"elementor-element elementor-element-699480d elementor-widget elementor-widget-spacer\" data-id=\"699480d\" data-element_type=\"widget\" data-widget_type=\"spacer.default\">\n\t\t\t\t\t\t\t<div class=\"elementor-spacer\">\n\t\t\t<div class=\"elementor-spacer-inner\"><\/div>\n\t\t<\/div>\n\t\t\t\t\t\t<\/div>\n\t\t\t\t\t<\/div>\n\t\t\t\t<\/div>\n\t\t<div class=\"elementor-element elementor-element-dd39101 e-flex e-con-boxed e-con e-parent\" data-id=\"dd39101\" data-element_type=\"container\">\n\t\t\t\t\t<div class=\"e-con-inner\">\n\t\t<div class=\"elementor-element elementor-element-b59213a e-con-full e-flex e-con e-child\" data-id=\"b59213a\" data-element_type=\"container\">\n\t\t\t\t<\/div>\n\t\t<div class=\"elementor-element elementor-element-8a0bb3c e-con-full e-flex e-con e-child\" data-id=\"8a0bb3c\" data-element_type=\"container\">\n\t\t\t\t<div class=\"elementor-element elementor-element-2338ce0 elementor-widget elementor-widget-text-editor\" data-id=\"2338ce0\" data-element_type=\"widget\" data-widget_type=\"text-editor.default\">\n\t\t\t\t\t\t\t\t\t<p>Chez <strong data-start=\"952\" data-end=\"966\">AMAD Loire<\/strong>, nos services sont pens\u00e9s pour offrir des solutions d\u2019accompagnement adapt\u00e9es \u00e0 chaque situation : \u00e0 domicile, en r\u00e9sidence ou dans un cadre de soins.<br data-start=\"1117\" data-end=\"1120\" \/>Retrouvez ci-dessous nos principales prestations et leurs grilles tarifaires actualis\u00e9es.<br data-start=\"1211\" data-end=\"1214\" \/>Chaque fiche est t\u00e9l\u00e9chargeable pour plus de d\u00e9tails.<\/p>\t\t\t\t\t\t\t\t<\/div>\n\t\t\t\t<\/div>\n\t\t<div class=\"elementor-element elementor-element-483de6e e-con-full e-flex e-con e-child\" data-id=\"483de6e\" data-element_type=\"container\">\n\t\t\t\t<\/div>\n\t\t\t\t\t<\/div>\n\t\t\t\t<\/div>\n\t\t<div class=\"elementor-element elementor-element-c59afbd e-flex e-con-boxed e-con e-parent\" data-id=\"c59afbd\" data-element_type=\"container\">\n\t\t\t\t\t<div class=\"e-con-inner\">\n\t\t\t\t<div class=\"elementor-element elementor-element-ff978d1 elementor-widget elementor-widget-spacer\" data-id=\"ff978d1\" data-element_type=\"widget\" data-widget_type=\"spacer.default\">\n\t\t\t\t\t\t\t<div class=\"elementor-spacer\">\n\t\t\t<div class=\"elementor-spacer-inner\"><\/div>\n\t\t<\/div>\n\t\t\t\t\t\t<\/div>\n\t\t\t\t<div class=\"elementor-element elementor-element-831622b elementor-view-stacked elementor-shape-circle elementor-widget elementor-widget-icon\" data-id=\"831622b\" data-element_type=\"widget\" data-widget_type=\"icon.default\">\n\t\t\t\t\t\t\t<div class=\"elementor-icon-wrapper\">\n\t\t\t<div class=\"elementor-icon\">\n\t\t\t<svg aria-hidden=\"true\" class=\"e-font-icon-svg e-fas-home\" viewBox=\"0 0 576 512\" xmlns=\"http:\/\/www.w3.org\/2000\/svg\"><path d=\"M280.37 148.26L96 300.11V464a16 16 0 0 0 16 16l112.06-.29a16 16 0 0 0 15.92-16V368a16 16 0 0 1 16-16h64a16 16 0 0 1 16 16v95.64a16 16 0 0 0 16 16.05L464 480a16 16 0 0 0 16-16V300L295.67 148.26a12.19 12.19 0 0 0-15.3 0zM571.6 251.47L488 182.56V44.05a12 12 0 0 0-12-12h-56a12 12 0 0 0-12 12v72.61L318.47 43a48 48 0 0 0-61 0L4.34 251.47a12 12 0 0 0-1.6 16.9l25.5 31A12 12 0 0 0 45.15 301l235.22-193.74a12.19 12.19 0 0 1 15.3 0L530.9 301a12 12 0 0 0 16.9-1.6l25.5-31a12 12 0 0 0-1.7-16.93z\"><\/path><\/svg>\t\t\t<\/div>\n\t\t<\/div>\n\t\t\t\t\t\t<\/div>\n\t\t\t\t<div class=\"elementor-element elementor-element-623ceda elementor-widget elementor-widget-heading\" data-id=\"623ceda\" data-element_type=\"widget\" data-widget_type=\"heading.default\">\n\t\t\t\t\t<h2 class=\"elementor-heading-title elementor-size-default\">R\u00e9sidences autonomie<\/h2>\t\t\t\t<\/div>\n\t\t\t\t\t<\/div>\n\t\t\t\t<\/div>\n\t\t<div class=\"elementor-element elementor-element-8a8df57 e-flex e-con-boxed e-con e-parent\" data-id=\"8a8df57\" data-element_type=\"container\">\n\t\t\t\t\t<div class=\"e-con-inner\">\n\t\t<div class=\"elementor-element elementor-element-c71a424 e-con-full e-flex e-con e-child\" data-id=\"c71a424\" data-element_type=\"container\">\n\t\t\t\t<div class=\"elementor-element elementor-element-b13a37f elementor-widget elementor-widget-heading\" data-id=\"b13a37f\" data-element_type=\"widget\" data-widget_type=\"heading.default\">\n\t\t\t\t\t<h2 class=\"elementor-heading-title elementor-size-default\">Le Clos Pommier \u2013 Saint-Marcellin-en-Forez<\/h2>\t\t\t\t<\/div>\n\t\t\t\t<div class=\"elementor-element elementor-element-8177dd8 elementor-widget elementor-widget-text-editor\" data-id=\"8177dd8\" data-element_type=\"widget\" data-widget_type=\"text-editor.default\">\n\t\t\t\t\t\t\t\t\t<p data-start=\"1444\" data-end=\"1679\">Appartement T2 de 30 m\u00b2 avec terrasse privative, pension compl\u00e8te 7j\/7, m\u00e9nage, blanchisserie, t\u00e9l\u00e9assistance 24h\/24 et animations quotidiennes.<\/p><p data-start=\"1686\" data-end=\"1782\">Une solution id\u00e9ale pour les personnes autonomes souhaitant un cadre convivial et s\u00e9curis\u00e9.<\/p><p data-start=\"1686\" data-end=\"1782\"><a href=\"https:\/\/amad-loire.fr\/wp-content\/uploads\/2025\/11\/1.Dossier-dadmission-le-clos-pommier-V1-au-20-04-2018.pdf\">T\u00e9l\u00e9charger la fiche tarifaire<\/a><\/p>\t\t\t\t\t\t\t\t<\/div>\n\t\t\t\t<\/div>\n\t\t<div class=\"elementor-element elementor-element-a81976e e-con-full e-flex e-con e-child\" data-id=\"a81976e\" data-element_type=\"container\">\n\t\t\t\t<div class=\"elementor-element elementor-element-f40b39a elementor-widget elementor-widget-heading\" data-id=\"f40b39a\" data-element_type=\"widget\" data-widget_type=\"heading.default\">\n\t\t\t\t\t<h2 class=\"elementor-heading-title elementor-size-default\">Le Clos Saint-Romain \u2013 Saint-Romain-le-Puy<\/h2>\t\t\t\t<\/div>\n\t\t\t\t<div class=\"elementor-element elementor-element-5075eef elementor-widget elementor-widget-text-editor\" data-id=\"5075eef\" data-element_type=\"widget\" data-widget_type=\"text-editor.default\">\n\t\t\t\t\t\t\t\t\t<p data-start=\"1946\" data-end=\"2158\">Appartement T2 avec ext\u00e9rieur privatif, repas maison, s\u00e9curit\u00e9 de nuit, blanchisserie et animations du lundi au vendredi.<\/p><p data-start=\"1946\" data-end=\"2158\"><br><\/p><p data-start=\"1946\" data-end=\"2158\"><br><\/p>\n<p data-start=\"2165\" data-end=\"2243\"><a href=\"https:\/\/amad-loire.fr\/wp-content\/uploads\/2025\/11\/1.Dossier-dadmission-Clos-St-Romain-.pdf\">T\u00e9l\u00e9charger la fiche tarifaire<\/a><\/p>\t\t\t\t\t\t\t\t<\/div>\n\t\t\t\t<\/div>\n\t\t\t\t\t<\/div>\n\t\t\t\t<\/div>\n\t\t<div class=\"elementor-element elementor-element-0c94e15 e-flex e-con-boxed e-con e-parent\" data-id=\"0c94e15\" data-element_type=\"container\">\n\t\t\t\t\t<div class=\"e-con-inner\">\n\t\t\t\t<div class=\"elementor-element elementor-element-5d60863 elementor-widget elementor-widget-spacer\" data-id=\"5d60863\" data-element_type=\"widget\" data-widget_type=\"spacer.default\">\n\t\t\t\t\t\t\t<div class=\"elementor-spacer\">\n\t\t\t<div class=\"elementor-spacer-inner\"><\/div>\n\t\t<\/div>\n\t\t\t\t\t\t<\/div>\n\t\t\t\t\t<\/div>\n\t\t\t\t<\/div>\n\t\t<div class=\"elementor-element elementor-element-c33a6bf e-flex e-con-boxed e-con e-parent\" data-id=\"c33a6bf\" data-element_type=\"container\">\n\t\t\t\t\t<div class=\"e-con-inner\">\n\t\t\t\t<div class=\"elementor-element elementor-element-6e4b2fb elementor-widget elementor-widget-heading\" data-id=\"6e4b2fb\" data-element_type=\"widget\" data-widget_type=\"heading.default\">\n\t\t\t\t\t<h2 class=\"elementor-heading-title elementor-size-default\">Portage de repas \u00e0 domcile<\/h2>\t\t\t\t<\/div>\n\t\t\t\t\t<\/div>\n\t\t\t\t<\/div>\n\t\t<div class=\"elementor-element elementor-element-682597f e-flex e-con-boxed e-con e-parent\" data-id=\"682597f\" data-element_type=\"container\">\n\t\t\t\t\t<div class=\"e-con-inner\">\n\t\t<div class=\"elementor-element elementor-element-5b12fe9 e-con-full e-flex e-con e-child\" data-id=\"5b12fe9\" data-element_type=\"container\">\n\t\t\t\t<\/div>\n\t\t<div class=\"elementor-element elementor-element-e7e60fa e-con-full e-flex e-con e-child\" data-id=\"e7e60fa\" data-element_type=\"container\">\n\t\t\t\t<div class=\"elementor-element elementor-element-38eff2e elementor-widget elementor-widget-text-editor\" data-id=\"38eff2e\" data-element_type=\"widget\" data-widget_type=\"text-editor.default\">\n\t\t\t\t\t\t\t\t\t<p data-start=\"2401\" data-end=\"2563\">Service ouvert <strong data-start=\"2416\" data-end=\"2429\">7 jours\/7<\/strong>, y compris week-ends et jours f\u00e9ri\u00e9s.<br data-start=\"2467\" data-end=\"2470\" \/>Repas faits maison, \u00e9quilibr\u00e9s, pr\u00e9par\u00e9s avec des produits <strong data-start=\"2531\" data-end=\"2560\">locaux, bio et de qualit\u00e9<\/strong>.<\/p><p data-start=\"2725\" data-end=\"2819\">Aides possibles : <strong data-start=\"2743\" data-end=\"2787\">APA, caisses de retraite, cr\u00e9dit d\u2019imp\u00f4t<\/strong> (50 % sur la part livraison).<\/p><p data-start=\"2725\" data-end=\"2819\"><a href=\"https:\/\/amad-loire.fr\/wp-content\/uploads\/2026\/01\/flyer-portage-de-repas-2026-1.pdf\">T\u00e9l\u00e9charger la fiche tarifaire<\/a><\/p>\t\t\t\t\t\t\t\t<\/div>\n\t\t\t\t<div class=\"elementor-element elementor-element-e49484a elementor-widget elementor-widget-spacer\" data-id=\"e49484a\" data-element_type=\"widget\" data-widget_type=\"spacer.default\">\n\t\t\t\t\t\t\t<div class=\"elementor-spacer\">\n\t\t\t<div class=\"elementor-spacer-inner\"><\/div>\n\t\t<\/div>\n\t\t\t\t\t\t<\/div>\n\t\t\t\t<\/div>\n\t\t<div class=\"elementor-element elementor-element-e0d8beb e-con-full e-flex e-con e-child\" data-id=\"e0d8beb\" data-element_type=\"container\">\n\t\t\t\t<\/div>\n\t\t\t\t\t<\/div>\n\t\t\t\t<\/div>\n\t\t<div class=\"elementor-element elementor-element-48edf49 e-flex e-con-boxed e-con e-parent\" data-id=\"48edf49\" data-element_type=\"container\">\n\t\t\t\t\t<div class=\"e-con-inner\">\n\t\t\t\t<div class=\"elementor-element elementor-element-4ad4779 elementor-widget elementor-widget-heading\" data-id=\"4ad4779\" data-element_type=\"widget\" data-widget_type=\"heading.default\">\n\t\t\t\t\t<h2 class=\"elementor-heading-title elementor-size-default\">Aide \u00e0 domicile (SAD Aide)<\/h2>\t\t\t\t<\/div>\n\t\t\t\t\t<\/div>\n\t\t\t\t<\/div>\n\t\t<div class=\"elementor-element elementor-element-99c5193 e-flex e-con-boxed e-con e-parent\" data-id=\"99c5193\" data-element_type=\"container\">\n\t\t\t\t\t<div class=\"e-con-inner\">\n\t\t<div class=\"elementor-element elementor-element-7d3fa90 e-con-full e-flex e-con e-child\" data-id=\"7d3fa90\" data-element_type=\"container\">\n\t\t\t\t<\/div>\n\t\t<div class=\"elementor-element elementor-element-fe56063 e-con-full e-flex e-con e-child\" data-id=\"fe56063\" data-element_type=\"container\">\n\t\t\t\t<div class=\"elementor-element elementor-element-bc779a3 elementor-widget elementor-widget-text-editor\" data-id=\"bc779a3\" data-element_type=\"widget\" data-widget_type=\"text-editor.default\">\n\t\t\t\t\t\t\t\t\t<p data-start=\"2959\" data-end=\"3089\"><strong><b>Vous habitez sur le secteur Saint-\u00c9tienne\/Ondaine<\/strong><\/p><\/b>\n<p data-start=\"2959\" data-end=\"3089\">Intervention \u00e0 domicile pour l\u2019entretien, l\u2019aide \u00e0 la vie quotidienne, les courses, le transport accompagn\u00e9 ou la garde de nuit.<\/p>\n<p data-start=\"3244\" data-end=\"3332\">Aide \u00e0 la constitution des dossiers et cr\u00e9dit d\u2019imp\u00f4t de 50 % sur les montants vers\u00e9s.<\/p>\n<p data-start=\"3244\" data-end=\"3332\"><a href=\"https:\/\/amad-loire.fr\/wp-content\/uploads\/2026\/01\/Tarifs-SAD-au-01-01-2026.pdf\">T\u00e9l\u00e9charger la grille tarifaire<\/a><\/p>\t\t\t\t\t\t\t\t<\/div>\n\t\t\t\t<div class=\"elementor-element elementor-element-73ed25b elementor-widget elementor-widget-spacer\" data-id=\"73ed25b\" data-element_type=\"widget\" data-widget_type=\"spacer.default\">\n\t\t\t\t\t\t\t<div class=\"elementor-spacer\">\n\t\t\t<div class=\"elementor-spacer-inner\"><\/div>\n\t\t<\/div>\n\t\t\t\t\t\t<\/div>\n\t\t\t\t<\/div>\n\t\t<div class=\"elementor-element elementor-element-c47d948 e-con-full e-flex e-con e-child\" data-id=\"c47d948\" data-element_type=\"container\">\n\t\t\t\t<\/div>\n\t\t\t\t\t<\/div>\n\t\t\t\t<\/div>\n\t\t<div class=\"elementor-element elementor-element-807cd8f e-flex e-con-boxed e-con e-parent\" data-id=\"807cd8f\" data-element_type=\"container\">\n\t\t\t\t\t<div class=\"e-con-inner\">\n\t\t\t\t<div class=\"elementor-element elementor-element-fb9b2bc elementor-widget elementor-widget-heading\" data-id=\"fb9b2bc\" data-element_type=\"widget\" data-widget_type=\"heading.default\">\n\t\t\t\t\t<h2 class=\"elementor-heading-title elementor-size-default\">Soins \u00e0 domicile<\/h2>\t\t\t\t<\/div>\n\t\t\t\t\t<\/div>\n\t\t\t\t<\/div>\n\t\t<div class=\"elementor-element elementor-element-5b3be7b e-flex e-con-boxed e-con e-parent\" data-id=\"5b3be7b\" data-element_type=\"container\">\n\t\t\t\t\t<div class=\"e-con-inner\">\n\t\t<div class=\"elementor-element elementor-element-14c0467 e-con-full e-flex e-con e-child\" data-id=\"14c0467\" data-element_type=\"container\">\n\t\t\t\t<\/div>\n\t\t<div class=\"elementor-element elementor-element-cc957d0 e-con-full e-flex e-con e-child\" data-id=\"cc957d0\" data-element_type=\"container\">\n\t\t\t\t<div class=\"elementor-element elementor-element-0036a3c elementor-widget elementor-widget-text-editor\" data-id=\"0036a3c\" data-element_type=\"widget\" data-widget_type=\"text-editor.default\">\n\t\t\t\t\t\t\t\t\t<p>Soins d\u2019hygi\u00e8ne et de confort \u00e0 domicile, assur\u00e9s sur prescription m\u00e9dicale.<br data-start=\"3610\" data-end=\"3613\" \/><strong data-start=\"3615\" data-end=\"3676\">Prise en charge \u00e0 100 % par la caisse d\u2019assurance maladie<\/strong>, sans avance de frais.<\/p>\t\t\t\t\t\t\t\t<\/div>\n\t\t\t\t<\/div>\n\t\t<div class=\"elementor-element elementor-element-3ae53fc e-con-full e-flex e-con e-child\" data-id=\"3ae53fc\" data-element_type=\"container\">\n\t\t\t\t<\/div>\n\t\t\t\t\t<\/div>\n\t\t\t\t<\/div>\n\t\t<div class=\"elementor-element elementor-element-00b07c3 e-flex e-con-boxed e-con e-parent\" data-id=\"00b07c3\" data-element_type=\"container\">\n\t\t\t\t\t<div class=\"e-con-inner\">\n\t\t\t\t<div class=\"elementor-element elementor-element-4c478b5 elementor-widget elementor-widget-spacer\" data-id=\"4c478b5\" data-element_type=\"widget\" data-widget_type=\"spacer.default\">\n\t\t\t\t\t\t\t<div class=\"elementor-spacer\">\n\t\t\t<div class=\"elementor-spacer-inner\"><\/div>\n\t\t<\/div>\n\t\t\t\t\t\t<\/div>\n\t\t\t\t\t<\/div>\n\t\t\t\t<\/div>\n\t\t<div class=\"elementor-element elementor-element-e7c0126 e-flex e-con-boxed e-con e-parent\" data-id=\"e7c0126\" data-element_type=\"container\">\n\t\t\t\t\t<div class=\"e-con-inner\">\n\t\t\t\t<div class=\"elementor-element elementor-element-cde49ee elementor-widget elementor-widget-heading\" data-id=\"cde49ee\" data-element_type=\"widget\" data-widget_type=\"heading.default\">\n\t\t\t\t\t<h2 class=\"elementor-heading-title elementor-size-default\">Accueil de jour \u201cLes M\u00fbriers\u201d<\/h2>\t\t\t\t<\/div>\n\t\t\t\t\t<\/div>\n\t\t\t\t<\/div>\n\t\t<div class=\"elementor-element elementor-element-29ca177 e-flex e-con-boxed e-con e-parent\" data-id=\"29ca177\" data-element_type=\"container\">\n\t\t\t\t\t<div class=\"e-con-inner\">\n\t\t<div class=\"elementor-element elementor-element-6361890 e-con-full e-flex e-con e-child\" data-id=\"6361890\" data-element_type=\"container\">\n\t\t\t\t<\/div>\n\t\t<div class=\"elementor-element elementor-element-c074b51 e-con-full e-flex e-con e-child\" data-id=\"c074b51\" data-element_type=\"container\">\n\t\t\t\t<div class=\"elementor-element elementor-element-7f721f7 elementor-widget elementor-widget-text-editor\" data-id=\"7f721f7\" data-element_type=\"widget\" data-widget_type=\"text-editor.default\">\n\t\t\t\t\t\t\t\t\t<p data-start=\"3880\" data-end=\"4035\">Accueil \u00e0 la journ\u00e9e pour les personnes atteintes de la maladie d\u2019Alzheimer, Parkinson ou troubles apparent\u00e9s.<br data-start=\"3990\" data-end=\"3993\" \/>Repas, collations et transport inclus.<\/p><p data-start=\"4198\" data-end=\"4265\">Aides possibles : <strong data-start=\"4216\" data-end=\"4223\">APA<\/strong>, <strong data-start=\"4225\" data-end=\"4243\">droit au r\u00e9pit<\/strong> (jusqu\u2019\u00e0 500 \u20ac\/an).<\/p><p data-start=\"4198\" data-end=\"4265\"><a href=\"https:\/\/amad-loire.fr\/wp-content\/uploads\/2026\/01\/flyer-tarifs-2026-adj-1.pdf\">T\u00e9l\u00e9charger la fiche accueil de jour<\/a><\/p>\t\t\t\t\t\t\t\t<\/div>\n\t\t\t\t<\/div>\n\t\t<div class=\"elementor-element elementor-element-42e02fc e-con-full e-flex e-con e-child\" data-id=\"42e02fc\" data-element_type=\"container\">\n\t\t\t\t<\/div>\n\t\t\t\t\t<\/div>\n\t\t\t\t<\/div>\n\t\t<div class=\"elementor-element elementor-element-463db9e e-flex e-con-boxed e-con e-parent\" data-id=\"463db9e\" data-element_type=\"container\">\n\t\t\t\t\t<div class=\"e-con-inner\">\n\t\t\t\t<div class=\"elementor-element elementor-element-fb188e8 elementor-widget elementor-widget-spacer\" data-id=\"fb188e8\" data-element_type=\"widget\" data-widget_type=\"spacer.default\">\n\t\t\t\t\t\t\t<div class=\"elementor-spacer\">\n\t\t\t<div class=\"elementor-spacer-inner\"><\/div>\n\t\t<\/div>\n\t\t\t\t\t\t<\/div>\n\t\t\t\t\t<\/div>\n\t\t\t\t<\/div>\n\t\t<div class=\"elementor-element elementor-element-f46281e e-flex e-con-boxed e-con e-parent\" data-id=\"f46281e\" data-element_type=\"container\">\n\t\t\t\t\t<div class=\"e-con-inner\">\n\t\t\t\t<div class=\"elementor-element elementor-element-7bdae66 elementor-widget elementor-widget-spacer\" data-id=\"7bdae66\" data-element_type=\"widget\" data-widget_type=\"spacer.default\">\n\t\t\t\t\t\t\t<div class=\"elementor-spacer\">\n\t\t\t<div class=\"elementor-spacer-inner\"><\/div>\n\t\t<\/div>\n\t\t\t\t\t\t<\/div>\n\t\t\t\t\t<\/div>\n\t\t\t\t<\/div>\n\t\t<div class=\"elementor-element elementor-element-ecabd05 e-flex e-con-boxed e-con e-parent\" data-id=\"ecabd05\" data-element_type=\"container\">\n\t\t\t\t\t<div class=\"e-con-inner\">\n\t\t<div class=\"elementor-element elementor-element-2708fd6 e-con-full e-flex e-con e-child\" data-id=\"2708fd6\" data-element_type=\"container\">\n\t\t\t\t<\/div>\n\t\t<div class=\"elementor-element elementor-element-9f78fea e-con-full e-flex e-con e-child\" data-id=\"9f78fea\" data-element_type=\"container\">\n\t\t\t\t<div class=\"elementor-element elementor-element-26fd9c4 elementor-widget elementor-widget-text-editor\" data-id=\"26fd9c4\" data-element_type=\"widget\" data-widget_type=\"text-editor.default\">\n\t\t\t\t\t\t\t\t\t<p data-start=\"4428\" data-end=\"4581\"><strong>Besoin d\u2019aide pour votre dossier ?<\/strong><\/p><p data-start=\"4428\" data-end=\"4581\">Nos \u00e9quipes peuvent vous accompagner dans les d\u00e9marches administratives et les demandes d\u2019aides financi\u00e8res :<br data-start=\"4537\" data-end=\"4540\" \/><strong data-start=\"4542\" data-end=\"4578\">APA, PCH, CARSAT, Aides sociales<\/strong>.<\/p><p data-start=\"4588\" data-end=\"4636\">\ud83d\udce7 <a class=\"decorated-link cursor-pointer\" rel=\"noopener\" data-start=\"4591\" data-end=\"4612\">contact@amad-loire.fr<\/a><br data-start=\"4612\" data-end=\"4615\" \/>\ud83d\udcde 04 77 36 48 29<\/p>\t\t\t\t\t\t\t\t<\/div>\n\t\t\t\t<\/div>\n\t\t<div class=\"elementor-element elementor-element-2050833 e-con-full e-flex e-con e-child\" data-id=\"2050833\" data-element_type=\"container\">\n\t\t\t\t<\/div>\n\t\t\t\t\t<\/div>\n\t\t\t\t<\/div>\n\t\t\t\t<\/div>\n\t\t","protected":false},"excerpt":{"rendered":"<p>Nos tarifs Chez AMAD Loire, nos services sont pens\u00e9s pour offrir des solutions d\u2019accompagnement adapt\u00e9es \u00e0 chaque situation : \u00e0 domicile, en r\u00e9sidence ou dans un cadre de soins.Retrouvez ci-dessous nos principales prestations et leurs grilles tarifaires actualis\u00e9es.Chaque fiche est t\u00e9l\u00e9chargeable pour plus de d\u00e9tails. R\u00e9sidences autonomie Le Clos Pommier \u2013 Saint-Marcellin-en-Forez Appartement T2 de [&hellip;]<\/p>\n","protected":false},"author":1,"featured_media":0,"parent":0,"menu_order":0,"comment_status":"closed","ping_status":"closed","template":"","meta":{"footnotes":""},"class_list":["post-44","page","type-page","status-publish","hentry"],"_links":{"self":[{"href":"https:\/\/amad-loire.fr\/index.php?rest_route=\/wp\/v2\/pages\/44","targetHints":{"allow":["GET"]}}],"collection":[{"href":"https:\/\/amad-loire.fr\/index.php?rest_route=\/wp\/v2\/pages"}],"about":[{"href":"https:\/\/amad-loire.fr\/index.php?rest_route=\/wp\/v2\/types\/page"}],"author":[{"embeddable":true,"href":"https:\/\/amad-loire.fr\/index.php?rest_route=\/wp\/v2\/users\/1"}],"replies":[{"embeddable":true,"href":"https:\/\/amad-loire.fr\/index.php?rest_route=%2Fwp%2Fv2%2Fcomments&post=44"}],"version-history":[{"count":53,"href":"https:\/\/amad-loire.fr\/index.php?rest_route=\/wp\/v2\/pages\/44\/revisions"}],"predecessor-version":[{"id":1126,"href":"https:\/\/amad-loire.fr\/index.php?rest_route=\/wp\/v2\/pages\/44\/revisions\/1126"}],"wp:attachment":[{"href":"https:\/\/amad-loire.fr\/index.php?rest_route=%2Fwp%2Fv2%2Fmedia&parent=44"}],"curies":[{"name":"wp","href":"https:\/\/api.w.org\/{rel}","templated":true}]}}