{"id":39,"date":"2025-09-13T21:05:40","date_gmt":"2025-09-13T21:05:40","guid":{"rendered":"https:\/\/amad-loire.fr\/?page_id=39"},"modified":"2026-01-15T14:14:18","modified_gmt":"2026-01-15T12:14:18","slug":"aide-a-domicile","status":"publish","type":"page","link":"https:\/\/amad-loire.fr\/?page_id=39","title":{"rendered":"Aide \u00e0 domicile"},"content":{"rendered":"\t\t<div data-elementor-type=\"wp-page\" data-elementor-id=\"39\" class=\"elementor elementor-39\">\n\t\t\t\t<div class=\"elementor-element elementor-element-dc0be6f e-flex e-con-boxed e-con e-parent\" data-id=\"dc0be6f\" data-element_type=\"container\">\n\t\t\t\t\t<div class=\"e-con-inner\">\n\t\t\t\t<div class=\"elementor-element elementor-element-7aa4652 elementor-widget elementor-widget-cta\" data-id=\"7aa4652\" data-element_type=\"widget\" data-settings=\"{&quot;layout_preset&quot;:&quot;showcase&quot;,&quot;layout_column_structure&quot;:&quot;50-50&quot;,&quot;image_horizontal_position&quot;:&quot;start&quot;,&quot;image_horizontal_position_tablet&quot;:&quot;start&quot;,&quot;image_horizontal_position_mobile&quot;:&quot;start&quot;,&quot;content_position_vertical&quot;:&quot;start&quot;,&quot;content_position_vertical_tablet&quot;:&quot;start&quot;,&quot;content_position_vertical_mobile&quot;:&quot;start&quot;,&quot;image_shape&quot;:&quot;sharp&quot;,&quot;primary_button_shape&quot;:&quot;default&quot;,&quot;secondary_button_shape&quot;:&quot;default&quot;,&quot;box_shape&quot;:&quot;sharp&quot;}\" data-widget_type=\"cta.default\">\n\t\t\t\t<div class=\"elementor-widget-container\">\n\t\t\t\t\t\t\t<div class=\"has-shape-sharp shape-type-box ehp-cta has-preset-showcase\">\n\t\t\t<div class=\"ehp-cta__overlay\"><\/div>\n\t\t\t<div class=\"has-column-structure-50-50  ehp-cta__elements-container has-image-position-start has-image-position-md-start has-image-position-sm-start\">\n\t\t\t\t\t\t\t<div class=\"ehp-image ehp-cta__image-container\">\n\t\t\t\t<img decoding=\"async\" class=\"ehp-image__img ehp-cta__img has-shape-sharp shape-type-image\" src=\"https:\/\/amad-loire.fr\/wp-content\/uploads\/2025\/11\/Senior.jpg\" title=\"Senior\" alt=\"Senior\" loading=\"lazy\" \/>\t\t\t<\/div>\n\t\t\t\t\t<div class=\"ehp-cta__text-container\">\n\t\t\t<h2 class=\"ehp-cta__heading\">Aide et accompagnement \u00e0 domicile<\/h2><p class=\"ehp-cta__description\"><div style=\"font-family: 'Poppins', sans-serif;font-size: 18px;line-height: 1.7;color: #333\">\n\n  <p>\n    Notre \u00e9quipe est \u00e0 votre \u00e9coute pour vous <strong>conseiller<\/strong> et vous \n    <strong>accompagner<\/strong> dans la mise en place de la solution la plus adapt\u00e9e \n    \u00e0 vos besoins ou \u00e0 ceux de vos proches.\n  <\/p>\n\n  <p>\n    L\u2019aide \u00e0 domicile a beaucoup \u00e9volu\u00e9 : aujourd\u2019hui, de nombreuses solutions existent, \n    des plus simples aux plus innovantes, pour <em>mieux vivre chez soi<\/em> en toute s\u00e9r\u00e9nit\u00e9.\n  <\/p>\n\n<\/div>\n<\/p>\t\t\t<div class=\"ehp-cta__ctas-container\">\n\t\t\t\t<div class=\"ehp-cta__buttons-wrapper\">\n\t\t\t\t\t\t\t<a class=\"has-shape-default shape-type-button ehp-button ehp-button--primary ehp-cta__button ehp-cta__button--primary is-type-button\" href=\"https:\/\/amad-loire.fr\/?page_id=320\">\n\t\t\t\t\t<span class=\"ehp-button__text ehp-cta__button-text ehp-cta__button-text--primary\">\n\t\t\tDemandez un devis gratuit\t\t\t\t<\/a>\n\t\t\t\t\t\t\t\t\t<a class=\"has-shape-default shape-type-button ehp-button ehp-button--secondary ehp-cta__button ehp-cta__button--secondary is-type-button has-border\" href=\"https:\/\/www.formulaires.service-public.gouv.fr\/gf\/cerfa_16301_01.do\">\n\t\t\t\t\t<span class=\"ehp-button__text ehp-cta__button-text ehp-cta__button-text--secondary\">\n\t\t\tFormulaire\t\t\t\t<\/a>\n\t\t\t\t\t\t<\/div>\n\t\t\t<\/div>\n\t\t\t\t<\/div>\n\t\t\t\t\t<\/div>\n\t\t<\/div>\n\t\t\t\t\t\t<\/div>\n\t\t\t\t<\/div>\n\t\t\t\t\t<\/div>\n\t\t\t\t<\/div>\n\t\t<div class=\"elementor-element elementor-element-d64da3d e-flex e-con-boxed e-con e-parent\" data-id=\"d64da3d\" data-element_type=\"container\">\n\t\t\t\t\t<div class=\"e-con-inner\">\n\t\t\t\t<div class=\"elementor-element elementor-element-dfe53ea elementor-widget elementor-widget-zigzag\" data-id=\"dfe53ea\" data-element_type=\"widget\" data-settings=\"{&quot;image_shape&quot;:&quot;sharp&quot;}\" data-widget_type=\"zigzag.default\">\n\t\t\t\t<div class=\"elementor-widget-container\">\n\t\t\t\t\t\t\t<div class=\"ehp-zigzag has-direction-start\">\n\t\t\t\t\t\t\t<div class=\"ehp-zigzag__item-wrapper\">\n\t\t\t\t\t<div class=\"ehp-zigzag__item-container\">\n\t\t\t\t\t\t\t\t<div class=\"ehp-zigzag__graphic-element-container has-image\">\n\t\t\t\t\t\t<div class=\"ehp-image ehp-zigzag__image-container\">\n\t\t\t\t<img decoding=\"async\" class=\"ehp-image__img ehp-zigzag__img has-shape-sharp shape-type-image\" src=\"https:\/\/amad-loire.fr\/wp-content\/uploads\/2025\/11\/Aide-a-dom.jpg\" title=\"Aide \u00e0 dom\" alt=\"Aide \u00e0 dom\" loading=\"lazy\" \/>\t\t\t<\/div>\n\t\t\t\t\t<\/div>\n\t\t\t\t<div class=\"ehp-zigzag__text-container is-graphic-image\">\n\t\t\t<h2 class=\"ehp-zigzag__title\">Entretien de la maison<\/h2><p class=\"ehp-zigzag__description\"><div style=\"font-family: 'Poppins', sans-serif;font-size: 18px;line-height: 1.7;color: #333\">\n\n  <h3 style=\"color:#bf246b;margin-bottom:15px\">Vivez heureux, vivez chez vous !<\/h3>\n  <p><strong>AMAD vous aide au quotidien !<\/strong><\/p>\n\n  <p>\n    Nos salari\u00e9s interviennent chez vous selon vos besoins en journ\u00e9e, en soir\u00e9e et le week-end.  \n    \u00c0 vous de choisir la fr\u00e9quence : une ou plusieurs fois par semaine.\n  <\/p>\n\n  <h4 style=\"color:#bf246b;margin-top:25px\">L'aide \u00e0 domicile, avec AMAD c'est :<\/h4>\n\nDes intervenants qualifi\u00e9s qui vous accompagnent dans :<br>\n  <div style=\"margin-left:25px\">\n    \u2013 L\u2019entretien du logement<br>\n    \u2013 L\u2019entretien du linge, y compris le repassage<br>\n    \u2013 Les courses<br>\n    \u2013 La pr\u00e9paration et l\u2019aide \u00e0 la prise du repas<br>\n    \u2013 La compagnie pour rompre l\u2019isolement<br>\n    \u2013 La garde de jour (stimulation cognitive, bien-\u00eatre)<br>\n    \u2013 L\u2019accompagnement \u00e0 l\u2019ext\u00e9rieur (rendez-vous m\u00e9dicaux, sorties, etc.)<br>\n    \u2013 L\u2019aide \u00e0 l\u2019utilisation des outils num\u00e9riques\n  <\/div>\n\n  <p style=\"margin-top:15px\">\n    <strong>Nos prestations s\u2019adaptent \u00e0 vos besoins.<\/strong><br>\n    Nous sommes aussi \u00e0 vos c\u00f4t\u00e9s pour : un m\u00e9nage de printemps, du bricolage, du jardinage, \n    la mise en place de la t\u00e9l\u00e9assistance pour plus de s\u00e9r\u00e9nit\u00e9, ou encore le portage de repas.\n  <\/p>\n\n  <h4 style=\"color:#bf246b;margin-top:25px\">Pourquoi faire appel \u00e0 nous ?<\/h4>\n  <div style=\"margin-left:25px\">\n    \u2013 Le recrutement de professionnels performants : une s\u00e9lection rigoureuse des candidatures et des formations toute l\u2019ann\u00e9e<br>\n    \u2013 La simplicit\u00e9 : notre salari\u00e9 intervient chez vous, vous recevez une facture en fin de mois, sans aucune d\u00e9marche administrative ni responsabilit\u00e9 d\u2019employeur<br>\n    \u2013 Des tarifs r\u00e9glement\u00e9s par les pouvoirs publics<br>\n    \u2013 Un contrat souple : possibilit\u00e9 de r\u00e9silier sous un mois<br>\n    \u2013 L\u2019exp\u00e9rience \u00e0 votre service : plus de 30 ans d\u2019expertise dans l\u2019aide \u00e0 domicile<br>\n    \u2013 Une prestation de qualit\u00e9 en respectant les recommandations de la Haute Autorit\u00e9 de Sant\u00e9\n  <\/div>\n\n<\/div><\/p>\t\t<div class=\"ehp-zigzag__button-container\">\n\t\t\t<a class=\"ehp-button ehp-button--primary ehp-zigzag__button ehp-zigzag__button--primary is-type-link\" href=\"https:\/\/amad-loire.fr\/?page_id=320\">\n\t\t\t\t<span class=\"ehp-zigzag__button-text\">Nous contacter<\/span>\t\t\t\t\t<\/a>\n\t\t<\/div>\n\t\t\t\t<\/div>\n\t\t\t\t\t\t\t<\/div>\n\t\t\t\t<\/div>\n\t\t\t\t\t\t\t\t<div class=\"ehp-zigzag__item-wrapper\">\n\t\t\t\t\t<div class=\"ehp-zigzag__item-container\">\n\t\t\t\t\t\t\t\t<div class=\"ehp-zigzag__graphic-element-container has-image\">\n\t\t\t\t\t\t<div class=\"ehp-image ehp-zigzag__image-container ehp-image ehp-zigzag__image-container\">\n\t\t\t\t<img decoding=\"async\" class=\"ehp-image__img ehp-zigzag__img has-shape-sharp shape-type-image\" src=\"https:\/\/amad-loire.fr\/wp-content\/uploads\/2025\/11\/Panier-repas.jpg\" title=\"Panier repas\" alt=\"Panier repas\" loading=\"lazy\" \/>\t\t\t<\/div>\n\t\t\t\t\t<\/div>\n\t\t\t\t<div class=\"ehp-zigzag__text-container is-graphic-image\">\n\t\t\t<h2 class=\"ehp-zigzag__title\">Portage de repas \u00e0 domicile<\/h2><p class=\"ehp-zigzag__description\"><div style=\"font-family: 'Poppins', sans-serif;font-size: 18px;line-height: 1.7;color: #333\">\n\n  <h3 style=\"color:#bf246b;margin-bottom:15px\">AMAD est l\u00e0 pour vos repas !<\/h3>\n\n  <p>\n    Nos salari\u00e9s vous livrent vos repas <strong>tous les jours<\/strong>.  \n    Chaque matin, des plateaux repas sont d\u00e9pos\u00e9s directement chez vous.  \n  <\/p>\n\n  <p>\n    Avec <strong>AMAD<\/strong> et son service de <em>portage de repas<\/em>, \n    pr\u00e9parer \u00e0 manger n\u2019est plus une contrainte quotidienne : profitez de repas \u00e9quilibr\u00e9s et d\u2019un gain de s\u00e9r\u00e9nit\u00e9.\n  <\/p>\n\n  <h4 style=\"color:#bf246b;margin-top:25px\">Comment s\u2019inscrire ?<\/h4>\n\n  <p>\n    Pour b\u00e9n\u00e9ficier du service de portage de repas d\u2019AMAD, il vous suffit de nous contacter et nous vous transmettrons un dossier d'inscription.\n  <\/p>\n\n  <p>\n        <br><strong>Vous pouvez \u00e9galement t\u00e9l\u00e9charger ce fichier PDF pour plus d'informations.<\/strong>\n  <\/p>\n\n<\/div>\n<\/p>\t\t<div class=\"ehp-zigzag__button-container ehp-zigzag__button-container\">\n\t\t\t<a class=\"ehp-button ehp-button--primary ehp-zigzag__button ehp-zigzag__button--primary is-type-link\" href=\"https:\/\/amad-loire.fr\/wp-content\/uploads\/2026\/01\/flyer-portage-de-repas-2026.pdf\">\n\t\t\t\t<span class=\"ehp-zigzag__button-text\">Consultez le flyer<\/span>\t\t\t\t\t<\/a>\n\t\t<\/div>\n\t\t\t\t<\/div>\n\t\t\t\t\t\t\t<\/div>\n\t\t\t\t<\/div>\n\t\t\t\t\t\t\t\t<div class=\"ehp-zigzag__item-wrapper\">\n\t\t\t\t\t<div class=\"ehp-zigzag__item-container\">\n\t\t\t\t\t\t\t\t<div class=\"ehp-zigzag__graphic-element-container has-image\">\n\t\t\t\t\t\t<div class=\"ehp-image ehp-zigzag__image-container ehp-image ehp-zigzag__image-container ehp-image ehp-zigzag__image-container\">\n\t\t\t\t<img decoding=\"async\" class=\"ehp-image__img ehp-zigzag__img has-shape-sharp shape-type-image\" src=\"https:\/\/amad-loire.fr\/wp-content\/uploads\/2025\/09\/ChatGPT-Image-14-sept.-2025-22_37_38.png\" title=\"ChatGPT Image 14 sept. 2025, 22_37_38\" alt=\"ChatGPT Image 14 sept. 2025, 22_37_38\" loading=\"lazy\" \/>\t\t\t<\/div>\n\t\t\t\t\t<\/div>\n\t\t\t\t<div class=\"ehp-zigzag__text-container is-graphic-image\">\n\t\t\t<h2 class=\"ehp-zigzag__title\">Jardinage et petit bricolage<\/h2><p class=\"ehp-zigzag__description\"><div style=\"font-family: 'Poppins', sans-serif;font-size: 18px;line-height: 1.7;color: #333\">\n\n  <h3 style=\"color:#bf246b;margin-bottom:15px\">Un service de jardinage \u00e0 domicile sur mesure<\/h3>\n\n  <p>\n    Avec <strong>AMAD<\/strong>, confiez l\u2019entretien de votre ext\u00e9rieur \u00e0 des professionnels qualifi\u00e9s.  \n    Nous prenons soin de vos espaces verts pour que vous puissiez en profiter sereinement.\n  <\/p>\n\n  <div style=\"margin-left:25px;margin-top:10px\">\n    \u2013 Tonte de pelouse<br>\n    \u2013 D\u00e9broussaillage<br>\n    \u2013 Taille de haies, buissons et arbustes<br>\n    \u2013 Rafra\u00eechissement des bordures\n  <\/div>\n\n<\/div>\n<\/p>\t\t<div class=\"ehp-zigzag__button-container ehp-zigzag__button-container ehp-zigzag__button-container\">\n\t\t\t<a class=\"ehp-button ehp-button--primary ehp-zigzag__button ehp-zigzag__button--primary is-type-link\" href=\"https:\/\/amad-loire.fr\/?page_id=320\">\n\t\t\t\t<span class=\"ehp-zigzag__button-text\">Nous contacter<\/span>\t\t\t\t\t<\/a>\n\t\t<\/div>\n\t\t\t\t<\/div>\n\t\t\t\t\t\t\t<\/div>\n\t\t\t\t<\/div>\n\t\t\t\t\t\t\t\t<div class=\"ehp-zigzag__item-wrapper\">\n\t\t\t\t\t<div class=\"ehp-zigzag__item-container\">\n\t\t\t\t\t\t\t\t<div class=\"ehp-zigzag__graphic-element-container has-image\">\n\t\t\t\t\t\t<div class=\"ehp-image ehp-zigzag__image-container ehp-image ehp-zigzag__image-container ehp-image ehp-zigzag__image-container ehp-image ehp-zigzag__image-container\">\n\t\t\t\t<img decoding=\"async\" class=\"ehp-image__img ehp-zigzag__img has-shape-sharp shape-type-image\" src=\"https:\/\/amad-loire.fr\/wp-content\/uploads\/2025\/11\/teleassistacne.jpg\" title=\"teleassistance\" alt=\"teleassistance\" loading=\"lazy\" \/>\t\t\t<\/div>\n\t\t\t\t\t<\/div>\n\t\t\t\t<div class=\"ehp-zigzag__text-container is-graphic-image\">\n\t\t\t<h2 class=\"ehp-zigzag__title\">La t\u00e9l\u00e9assistance<\/h2><p class=\"ehp-zigzag__description\"><div style=\"font-family: 'Poppins', sans-serif;font-size: 18px;line-height: 1.7;color: #333\">\n\n  <h3 style=\"color:#bf246b;margin-bottom:15px\">AMAD &amp; IRIS<\/h3>\n\n  <p>\n    <strong>IRIS Assistance<\/strong> est une entreprise sp\u00e9cialis\u00e9e dans la t\u00e9l\u00e9communication et la t\u00e9l\u00e9assistance pour les seniors.  \n    Afin de garantir l\u2019autonomie des personnes accompagn\u00e9es par AMAD dans ses diff\u00e9rentes associations, \n    un <strong>partenariat<\/strong> a \u00e9t\u00e9 \u00e9tabli au profit du maintien \u00e0 domicile des seniors.\n  <\/p>\n\n  <p>\n    Gr\u00e2ce \u00e0 cette collaboration, <strong>AMAD<\/strong> propose un acc\u00e8s \u00e0 la t\u00e9l\u00e9assistance, en partenariat avec IRIS Assistance.\n  <\/p>\n\n  <h4 style=\"color:#bf246b;margin-top:25px\">Nos formules IRIS<\/h4>\n\n  <div style=\"margin-left:25px;margin-top:10px\">\n    <strong>Iris Basique<\/strong><br>\n    \u2013 Une formule d\u2019entr\u00e9e de gamme simple et \u00e9conomique pour acc\u00e9der \u00e0 la t\u00e9l\u00e9assistance.<br><br>\n\n    <strong>Iris Vigilance<\/strong><br>\n    \u2013 Une formule interm\u00e9diaire permettant la d\u00e9tection des chutes et facilitant la gestion des secours.<br><br>\n\n    <strong>Iris Bienveillance<\/strong><br>\n    \u2013 Une formule adapt\u00e9e aux personnes fragiles et d\u00e9pendantes souhaitant rester \u00e0 domicile en toute s\u00e9curit\u00e9.\n  <\/div>\n\n<\/div>\n<\/p>\t\t<div class=\"ehp-zigzag__button-container ehp-zigzag__button-container ehp-zigzag__button-container ehp-zigzag__button-container\">\n\t\t\t<a class=\"ehp-button ehp-button--primary ehp-zigzag__button ehp-zigzag__button--primary is-type-link\" href=\"https:\/\/www.iris-assistance.fr\">\n\t\t\t\t<span class=\"ehp-zigzag__button-text\">Consultez le site d'IRIS Assistance<\/span>\t\t\t\t\t<\/a>\n\t\t<\/div>\n\t\t\t\t<\/div>\n\t\t\t\t\t\t\t<\/div>\n\t\t\t\t<\/div>\n\t\t\t\t\t\t\t<\/div>\n\t\t\t\t\t\t<\/div>\n\t\t\t\t<\/div>\n\t\t\t\t\t<\/div>\n\t\t\t\t<\/div>\n\t\t<div class=\"elementor-element elementor-element-5586c6f e-flex e-con-boxed e-con e-parent\" data-id=\"5586c6f\" data-element_type=\"container\">\n\t\t\t\t\t<div class=\"e-con-inner\">\n\t\t\t\t<div class=\"elementor-element elementor-element-a1f4b7e elementor-widget elementor-widget-heading\" data-id=\"a1f4b7e\" data-element_type=\"widget\" data-widget_type=\"heading.default\">\n\t\t\t\t\t<h2 class=\"elementor-heading-title elementor-size-default\">Secteur Saint-\u00c9tienne Ondaine<\/h2>\t\t\t\t<\/div>\n\t\t\t\t\t<\/div>\n\t\t\t\t<\/div>\n\t\t<div class=\"elementor-element elementor-element-89c3387 e-flex e-con-boxed e-con e-parent\" data-id=\"89c3387\" data-element_type=\"container\">\n\t\t\t\t\t<div class=\"e-con-inner\">\n\t\t\t\t<div class=\"elementor-element elementor-element-3aa1eab elementor-widget elementor-widget-text-editor\" data-id=\"3aa1eab\" data-element_type=\"widget\" data-widget_type=\"text-editor.default\">\n\t\t\t\t\t\t\t\t\t<p>Ouvert du lundi au vendredi de 9h-12h et de 13h-17h &#8211; T\u00e9l\u00e9phone : 04 77 80 38 62<\/p>\t\t\t\t\t\t\t\t<\/div>\n\t\t\t\t\t<\/div>\n\t\t\t\t<\/div>\n\t\t<div class=\"elementor-element elementor-element-ac51909 e-flex e-con-boxed e-con e-parent\" data-id=\"ac51909\" data-element_type=\"container\">\n\t\t\t\t\t<div class=\"e-con-inner\">\n\t\t<div class=\"elementor-element elementor-element-fc7603a e-con-full e-flex e-con e-child\" data-id=\"fc7603a\" data-element_type=\"container\">\n\t\t\t\t<div class=\"elementor-element elementor-element-3c40928 elementor-widget elementor-widget-google_maps\" data-id=\"3c40928\" data-element_type=\"widget\" data-widget_type=\"google_maps.default\">\n\t\t\t\t\t\t\t<div class=\"elementor-custom-embed\">\n\t\t\t<iframe loading=\"lazy\"\n\t\t\t\t\tsrc=\"https:\/\/maps.google.com\/maps?q=50%20rue%20Charles%20de%20Gaulle%2C%2042000&#038;t=m&#038;z=11&#038;output=embed&#038;iwloc=near\"\n\t\t\t\t\ttitle=\"50 rue Charles de Gaulle, 42000\"\n\t\t\t\t\taria-label=\"50 rue Charles de Gaulle, 42000\"\n\t\t\t><\/iframe>\n\t\t<\/div>\n\t\t\t\t\t\t<\/div>\n\t\t\t\t<\/div>\n\t\t\t\t\t<\/div>\n\t\t\t\t<\/div>\n\t\t<div class=\"elementor-element elementor-element-b6b9e8d e-flex e-con-boxed e-con e-parent\" data-id=\"b6b9e8d\" data-element_type=\"container\">\n\t\t\t\t\t<div class=\"e-con-inner\">\n\t\t\t\t<div class=\"elementor-element elementor-element-34b06f0 elementor-widget-divider--view-line elementor-widget elementor-widget-divider\" data-id=\"34b06f0\" data-element_type=\"widget\" data-widget_type=\"divider.default\">\n\t\t\t\t\t\t\t<div class=\"elementor-divider\">\n\t\t\t<span class=\"elementor-divider-separator\">\n\t\t\t\t\t\t<\/span>\n\t\t<\/div>\n\t\t\t\t\t\t<\/div>\n\t\t\t\t\t<\/div>\n\t\t\t\t<\/div>\n\t\t<div class=\"elementor-element elementor-element-81344e9 e-flex e-con-boxed e-con e-parent\" data-id=\"81344e9\" data-element_type=\"container\">\n\t\t\t\t\t<div class=\"e-con-inner\">\n\t\t\t\t<div class=\"elementor-element elementor-element-e730310 elementor-widget elementor-widget-heading\" data-id=\"e730310\" data-element_type=\"widget\" data-widget_type=\"heading.default\">\n\t\t\t\t\t<h2 class=\"elementor-heading-title elementor-size-default\">Secteur Plaine du Forez<\/h2>\t\t\t\t<\/div>\n\t\t\t\t\t<\/div>\n\t\t\t\t<\/div>\n\t\t<div class=\"elementor-element elementor-element-36a8423 e-flex e-con-boxed e-con e-parent\" data-id=\"36a8423\" data-element_type=\"container\">\n\t\t\t\t\t<div class=\"e-con-inner\">\n\t\t\t\t<div class=\"elementor-element elementor-element-35a96ea elementor-widget elementor-widget-text-editor\" data-id=\"35a96ea\" data-element_type=\"widget\" data-widget_type=\"text-editor.default\">\n\t\t\t\t\t\t\t\t\t<p>Ouvert du lundi au vendredi de 9h-12h et de 13h-17h &#8211; T\u00e9l\u00e9phone : 04 77 36 48 29<\/p>\n<p><span style=\"caret-color: rgb(51, 51, 51); color: rgb(51, 51, 51); font-size: 18px; background-color: rgb(246, 247, 248);\">NB : AMAD r\u00e9alise des prestations d&rsquo;aide et de soins \u00e0 domicile sur la plaine du Forez, selon le besoin de l&rsquo;usager. Dans le cadre de la mise en oeuvre de la r\u00e9forme des Services Autonomie \u00e0 Domicile Mixte, les prestations de soins infirmiers ont fait l&rsquo;objet d&rsquo;un rapprochement avec les prestations d&rsquo;aide et accompagnement sur ce territoire<\/span><span style=\"caret-color: rgb(51, 51, 51); color: rgb(51, 51, 51); font-size: 18px; background-color: rgb(246, 247, 248); font-family: var( --e-global-typography-text-font-family ), Sans-serif; font-style: var( --e-global-typography-text-font-style ); letter-spacing: var( --e-global-typography-text-letter-spacing ); text-transform: var( --e-global-typography-text-text-transform ); word-spacing: var( --e-global-typography-text-word-spacing ); text-decoration: var( --e-global-typography-text-text-decoration ); text-align: var(--text-align);\">, afin de faciliter l&rsquo;acc\u00e8s aux diff\u00e9rents services par l&rsquo;usager.<\/span><\/p>\t\t\t\t\t\t\t\t<\/div>\n\t\t\t\t\t<\/div>\n\t\t\t\t<\/div>\n\t\t<div class=\"elementor-element elementor-element-16696d1 e-flex e-con-boxed e-con e-parent\" data-id=\"16696d1\" data-element_type=\"container\">\n\t\t\t\t\t<div class=\"e-con-inner\">\n\t\t<div class=\"elementor-element elementor-element-f988c2c e-con-full e-flex e-con e-child\" data-id=\"f988c2c\" data-element_type=\"container\">\n\t\t\t\t<div class=\"elementor-element elementor-element-6c9c6a5 elementor-widget elementor-widget-google_maps\" data-id=\"6c9c6a5\" data-element_type=\"widget\" data-widget_type=\"google_maps.default\">\n\t\t\t\t\t\t\t<div class=\"elementor-custom-embed\">\n\t\t\t<iframe loading=\"lazy\"\n\t\t\t\t\tsrc=\"https:\/\/maps.google.com\/maps?q=18%20rue%20Cl%C3%A9ment%20Ader%2C%2042160%20Andr%C3%A9zieux-Bouth%C3%A9on&#038;t=m&#038;z=11&#038;output=embed&#038;iwloc=near\"\n\t\t\t\t\ttitle=\"18 rue Cl\u00e9ment Ader, 42160 Andr\u00e9zieux-Bouth\u00e9on\"\n\t\t\t\t\taria-label=\"18 rue Cl\u00e9ment Ader, 42160 Andr\u00e9zieux-Bouth\u00e9on\"\n\t\t\t><\/iframe>\n\t\t<\/div>\n\t\t\t\t\t\t<\/div>\n\t\t\t\t<\/div>\n\t\t\t\t\t<\/div>\n\t\t\t\t<\/div>\n\t\t<div class=\"elementor-element elementor-element-1453825 e-flex e-con-boxed e-con e-parent\" data-id=\"1453825\" data-element_type=\"container\">\n\t\t\t\t\t<div class=\"e-con-inner\">\n\t\t\t\t<div class=\"elementor-element elementor-element-b52cd91 elementor-widget elementor-widget-image\" data-id=\"b52cd91\" data-element_type=\"widget\" data-widget_type=\"image.default\">\n\t\t\t\t\t\t\t\t\t\t\t\t\t\t\t<img fetchpriority=\"high\" decoding=\"async\" width=\"300\" height=\"300\" src=\"https:\/\/amad-loire.fr\/wp-content\/uploads\/2025\/12\/Loire-departement-300x300.jpg\" class=\"attachment-medium size-medium wp-image-742\" alt=\"\" srcset=\"https:\/\/amad-loire.fr\/wp-content\/uploads\/2025\/12\/Loire-departement-300x300.jpg 300w, https:\/\/amad-loire.fr\/wp-content\/uploads\/2025\/12\/Loire-departement-150x150.jpg 150w, https:\/\/amad-loire.fr\/wp-content\/uploads\/2025\/12\/Loire-departement.jpg 512w\" sizes=\"(max-width: 300px) 100vw, 300px\" \/>\t\t\t\t\t\t\t\t\t\t\t\t\t\t\t<\/div>\n\t\t\t\t\t<\/div>\n\t\t\t\t<\/div>\n\t\t\t\t<\/div>\n\t\t","protected":false},"excerpt":{"rendered":"<p>Aide et accompagnement \u00e0 domicile Notre \u00e9quipe est \u00e0 votre \u00e9coute pour vous conseiller et vous accompagner dans la mise en place de la solution la plus adapt\u00e9e \u00e0 vos besoins ou \u00e0 ceux de vos proches. L\u2019aide \u00e0 domicile a beaucoup \u00e9volu\u00e9 : aujourd\u2019hui, de nombreuses solutions existent, des plus simples aux plus innovantes, [&hellip;]<\/p>\n","protected":false},"author":1,"featured_media":0,"parent":0,"menu_order":0,"comment_status":"closed","ping_status":"closed","template":"","meta":{"footnotes":""},"class_list":["post-39","page","type-page","status-publish","hentry"],"_links":{"self":[{"href":"https:\/\/amad-loire.fr\/index.php?rest_route=\/wp\/v2\/pages\/39","targetHints":{"allow":["GET"]}}],"collection":[{"href":"https:\/\/amad-loire.fr\/index.php?rest_route=\/wp\/v2\/pages"}],"about":[{"href":"https:\/\/amad-loire.fr\/index.php?rest_route=\/wp\/v2\/types\/page"}],"author":[{"embeddable":true,"href":"https:\/\/amad-loire.fr\/index.php?rest_route=\/wp\/v2\/users\/1"}],"replies":[{"embeddable":true,"href":"https:\/\/amad-loire.fr\/index.php?rest_route=%2Fwp%2Fv2%2Fcomments&post=39"}],"version-history":[{"count":100,"href":"https:\/\/amad-loire.fr\/index.php?rest_route=\/wp\/v2\/pages\/39\/revisions"}],"predecessor-version":[{"id":1199,"href":"https:\/\/amad-loire.fr\/index.php?rest_route=\/wp\/v2\/pages\/39\/revisions\/1199"}],"wp:attachment":[{"href":"https:\/\/amad-loire.fr\/index.php?rest_route=%2Fwp%2Fv2%2Fmedia&parent=39"}],"curies":[{"name":"wp","href":"https:\/\/api.w.org\/{rel}","templated":true}]}}