{"id":385,"date":"2025-11-11T15:08:35","date_gmt":"2025-11-11T13:08:35","guid":{"rendered":"http:\/\/amad-loire.fr\/?page_id=385"},"modified":"2026-01-15T14:12:31","modified_gmt":"2026-01-15T12:12:31","slug":"centre-de-sante-heriter","status":"publish","type":"page","link":"https:\/\/amad-loire.fr\/?page_id=385","title":{"rendered":"Centre de sant\u00e9 Fran\u00e7oise H\u00e9ritier"},"content":{"rendered":"\t\t<div data-elementor-type=\"wp-page\" data-elementor-id=\"385\" class=\"elementor elementor-385\">\n\t\t\t\t<div class=\"elementor-element elementor-element-eeb4307 e-flex e-con-boxed e-con e-parent\" data-id=\"eeb4307\" data-element_type=\"container\">\n\t\t\t\t\t<div class=\"e-con-inner\">\n\t\t\t\t<div class=\"elementor-element elementor-element-e7bf6ba elementor-widget elementor-widget-flex-hero\" data-id=\"e7bf6ba\" data-element_type=\"widget\" data-settings=\"{&quot;layout_preset&quot;:&quot;showcase&quot;,&quot;layout_column_structure&quot;:&quot;50-50&quot;,&quot;layout_image_position&quot;:&quot;end&quot;,&quot;primary_button_shape&quot;:&quot;default&quot;,&quot;image_shape&quot;:&quot;sharp&quot;,&quot;box_shape&quot;:&quot;sharp&quot;}\" data-widget_type=\"flex-hero.default\">\n\t\t\t\t<div class=\"elementor-widget-container\">\n\t\t\t\t\t\t\t<div class=\"has-shape-sharp shape-type-box has-column-structure-50-50  ehp-flex-hero has-layout-preset-showcase has-image-position-end\">\n\t\t\t\t\t\t<div class=\"ehp-flex-hero__overlay\"><\/div>\n\t\t\t<div class=\"ehp-flex-hero__content-container\">\n\t\t\t\t<h2 class=\"ehp-flex-hero__heading\">Centre de sant\u00e9 Fran\u00e7oise H\u00e9ritier<\/h2><h2 class=\"ehp-flex-hero__subheading\">Informez-vous sur les soins et services disponibles au sein de notre centre.<\/h2>\t\t\t<div class=\"ehp-flex-hero__ctas-container\">\n\t\t\t\t\t\t<a class=\"has-shape-default shape-type-button ehp-button ehp-button--primary ehp-flex-hero__button ehp-flex-hero__button--primary is-type-button\" href=\"https:\/\/www.doctolib.fr\/centre-de-sante\/veauche\/centre-de-sante-francoise-heritier\">\n\t\t\t\t\t<span class=\"ehp-button__text ehp-flex-hero__button-text ehp-flex-hero__button-text--primary\">\n\t\t\tPrenez rendez-vous sur Doctoblib\t\t\t\t<\/a>\n\t\t\t\t\t\t\t\t\t<\/div>\n\t\t\t\t\t<\/div>\n\t\t\t\t<div class=\"ehp-flex-hero__image-wrapper\">\n\t\t\t\t\t<div class=\"ehp-image ehp-flex-hero__image-container\">\n\t\t\t\t<img decoding=\"async\" class=\"ehp-image__img ehp-flex-hero__img has-shape-sharp shape-type-image\" src=\"https:\/\/amad-loire.fr\/wp-content\/uploads\/2025\/12\/image002.jpg\" title=\"image002\" alt=\"image002\" loading=\"lazy\" \/>\t\t\t<\/div>\n\t\t\t\t\t<\/div>\n\t\t\t\t<\/div>\n\t\t\t\t\t\t<\/div>\n\t\t\t\t<\/div>\n\t\t\t\t\t<\/div>\n\t\t\t\t<\/div>\n\t\t<div class=\"elementor-element elementor-element-f318943 e-flex e-con-boxed e-con e-parent\" data-id=\"f318943\" data-element_type=\"container\">\n\t\t\t\t\t<div class=\"e-con-inner\">\n\t\t\t\t<div class=\"elementor-element elementor-element-6d3c888 elementor-widget elementor-widget-image\" data-id=\"6d3c888\" data-element_type=\"widget\" data-widget_type=\"image.default\">\n\t\t\t\t\t\t\t\t\t\t\t\t<figure class=\"wp-caption\">\n\t\t\t\t\t\t\t\t\t\t<img decoding=\"async\" width=\"300\" height=\"164\" src=\"https:\/\/amad-loire.fr\/wp-content\/uploads\/2025\/12\/FRANCE-SANTE_LOGO_PRIMAIRE_CMJN.png-300x164.webp\" class=\"attachment-medium size-medium wp-image-984\" alt=\"\" srcset=\"https:\/\/amad-loire.fr\/wp-content\/uploads\/2025\/12\/FRANCE-SANTE_LOGO_PRIMAIRE_CMJN.png-300x164.webp 300w, https:\/\/amad-loire.fr\/wp-content\/uploads\/2025\/12\/FRANCE-SANTE_LOGO_PRIMAIRE_CMJN.png.webp 404w\" sizes=\"(max-width: 300px) 100vw, 300px\" \/>\t\t\t\t\t\t\t\t\t\t\t<figcaption class=\"widget-image-caption wp-caption-text\">Le centre de sant\u00e9 est labellis\u00e9 r\u00e9seau France Sant\u00e9.<\/figcaption>\n\t\t\t\t\t\t\t\t\t\t<\/figure>\n\t\t\t\t\t\t\t\t\t<\/div>\n\t\t\t\t\t<\/div>\n\t\t\t\t<\/div>\n\t\t<div class=\"elementor-element elementor-element-2c5d68f e-flex e-con-boxed e-con e-parent\" data-id=\"2c5d68f\" data-element_type=\"container\">\n\t\t\t\t\t<div class=\"e-con-inner\">\n\t\t<div class=\"elementor-element elementor-element-346d042 e-con-full e-flex e-con e-child\" data-id=\"346d042\" data-element_type=\"container\">\n\t\t\t\t<\/div>\n\t\t<div class=\"elementor-element elementor-element-8189f13 e-con-full e-flex e-con e-child\" data-id=\"8189f13\" data-element_type=\"container\">\n\t\t\t\t<div class=\"elementor-element elementor-element-a757382 elementor-widget-divider--view-line elementor-widget elementor-widget-divider\" data-id=\"a757382\" data-element_type=\"widget\" data-widget_type=\"divider.default\">\n\t\t\t\t\t\t\t<div class=\"elementor-divider\">\n\t\t\t<span class=\"elementor-divider-separator\">\n\t\t\t\t\t\t<\/span>\n\t\t<\/div>\n\t\t\t\t\t\t<\/div>\n\t\t\t\t<\/div>\n\t\t<div class=\"elementor-element elementor-element-90aa2f6 e-con-full e-flex e-con e-child\" data-id=\"90aa2f6\" data-element_type=\"container\">\n\t\t\t\t<\/div>\n\t\t\t\t\t<\/div>\n\t\t\t\t<\/div>\n\t\t<div class=\"elementor-element elementor-element-f9c80dd e-flex e-con-boxed e-con e-parent\" data-id=\"f9c80dd\" data-element_type=\"container\">\n\t\t\t\t\t<div class=\"e-con-inner\">\n\t\t<div class=\"elementor-element elementor-element-c9303f6 e-con-full e-flex e-con e-child\" data-id=\"c9303f6\" data-element_type=\"container\">\n\t\t\t\t<\/div>\n\t\t<div class=\"elementor-element elementor-element-473f76e e-con-full e-flex e-con e-child\" data-id=\"473f76e\" data-element_type=\"container\">\n\t\t\t\t<div class=\"elementor-element elementor-element-20099b5 elementor-widget elementor-widget-heading\" data-id=\"20099b5\" data-element_type=\"widget\" data-widget_type=\"heading.default\">\n\t\t\t\t\t<h2 class=\"elementor-heading-title elementor-size-default\">Consultations<\/h2>\t\t\t\t<\/div>\n\t\t\t\t<\/div>\n\t\t<div class=\"elementor-element elementor-element-37c82ca e-con-full e-flex e-con e-child\" data-id=\"37c82ca\" data-element_type=\"container\">\n\t\t\t\t<\/div>\n\t\t\t\t\t<\/div>\n\t\t\t\t<\/div>\n\t\t<div class=\"elementor-element elementor-element-d32f6ad e-flex e-con-boxed e-con e-parent\" data-id=\"d32f6ad\" data-element_type=\"container\">\n\t\t\t\t\t<div class=\"e-con-inner\">\n\t\t\t\t<div class=\"elementor-element elementor-element-741de7f elementor-widget elementor-widget-zigzag\" data-id=\"741de7f\" data-element_type=\"widget\" data-settings=\"{&quot;primary_button_shape&quot;:&quot;default&quot;,&quot;image_shape&quot;:&quot;sharp&quot;}\" data-widget_type=\"zigzag.default\">\n\t\t\t\t<div class=\"elementor-widget-container\">\n\t\t\t\t\t\t\t<div class=\"ehp-zigzag has-direction-start\">\n\t\t\t\t\t\t\t<div class=\"ehp-zigzag__item-wrapper\">\n\t\t\t\t\t<div class=\"ehp-zigzag__item-container\">\n\t\t\t\t\t\t\t\t<div class=\"ehp-zigzag__graphic-element-container has-image\">\n\t\t\t\t\t\t<div class=\"ehp-image ehp-zigzag__image-container\">\n\t\t\t\t<img decoding=\"async\" class=\"ehp-image__img ehp-zigzag__img has-shape-sharp shape-type-image\" src=\"https:\/\/amad-loire.fr\/wp-content\/uploads\/2025\/11\/Medecine-general-Heritier.jpg\" title=\"M\u00e9decine g\u00e9n\u00e9ral H\u00e9ritier\" alt=\"M\u00e9decine g\u00e9n\u00e9ral H\u00e9ritier\" loading=\"lazy\" \/>\t\t\t<\/div>\n\t\t\t\t\t<\/div>\n\t\t\t\t<div class=\"ehp-zigzag__text-container is-graphic-image\">\n\t\t\t<h2 class=\"ehp-zigzag__title\">M\u00e9decine g\u00e9n\u00e9rale<\/h2><p class=\"ehp-zigzag__description\"><div style=\"color:#000000;font-family:'Poppins', sans-serif;font-size:16px;line-height:1.6\">\n  <p><strong>Des m\u00e9decins g\u00e9n\u00e9ralistes<\/strong> consultent sur rendez-vous du lundi au vendredi <\/em><\/li>\n  <\/ul>\n<\/div>\n<\/p>\t\t<div class=\"ehp-zigzag__button-container\">\n\t\t\t<a class=\"ehp-button ehp-button--primary ehp-zigzag__button ehp-zigzag__button--primary is-type-button has-shape-default shape-type-button\" href=\"https:\/\/www.doctolib.fr\/centre-de-sante\/veauche\/centre-de-sante-francoise-heritier\">\n\t\t\t\t<span class=\"ehp-zigzag__button-text\">Nos consultations de m\u00e9decine g\u00e9n\u00e9rale sur Doctolib<\/span>\t\t\t\t\t<\/a>\n\t\t<\/div>\n\t\t\t\t<\/div>\n\t\t\t\t\t\t\t<\/div>\n\t\t\t\t<\/div>\n\t\t\t\t\t\t\t\t<div class=\"ehp-zigzag__item-wrapper\">\n\t\t\t\t\t<div class=\"ehp-zigzag__item-container\">\n\t\t\t\t\t\t\t\t<div class=\"ehp-zigzag__graphic-element-container has-image\">\n\t\t\t\t\t\t<div class=\"ehp-image ehp-zigzag__image-container ehp-image ehp-zigzag__image-container\">\n\t\t\t\t<img decoding=\"async\" class=\"ehp-image__img ehp-zigzag__img has-shape-sharp shape-type-image\" src=\"https:\/\/amad-loire.fr\/wp-content\/uploads\/2025\/11\/Nutrition.jpg\" title=\"Nutrition\" alt=\"Nutrition\" loading=\"lazy\" \/>\t\t\t<\/div>\n\t\t\t\t\t<\/div>\n\t\t\t\t<div class=\"ehp-zigzag__text-container is-graphic-image\">\n\t\t\t<h2 class=\"ehp-zigzag__title\">Di\u00e9t\u00e9tique - Nutrition<\/h2><p class=\"ehp-zigzag__description\"><div style=\"color:#000000;font-family:'Poppins', sans-serif;font-size:16px;line-height:1.6\">\n  <p>\n    Sp\u00e9cialiste de la nutrition, le <strong>di\u00e9t\u00e9ticien<\/strong> est un professionnel de sant\u00e9 dont la mission est \u00e0 la fois <strong>pr\u00e9ventive<\/strong> et <strong>curative<\/strong>. \n    Il contribue \u00e0 la pr\u00e9vention des risques cardiovasculaires et \u00e0 la gestion du poids, en accompagnant ses patients vers une <em>alimentation \u00e9quilibr\u00e9e<\/em> et un <em>r\u00e9gime adapt\u00e9 \u00e0 leurs besoins<\/em>.\n  <\/p>\n\n  <\/p>\n<\/div>\n<\/p>\t\t<div class=\"ehp-zigzag__button-container ehp-zigzag__button-container\">\n\t\t\t<a class=\"ehp-button ehp-button--primary ehp-zigzag__button ehp-zigzag__button--primary is-type-button has-shape-default shape-type-button\" href=\"https:\/\/www.doctolib.fr\/dieteticien\/veauche\/celine-grange?pid=establishment-12437\">\n\t\t\t\t<span class=\"ehp-zigzag__button-text\">Retrouvez notre di\u00e9t\u00e9ticienne sur Doctolib<\/span>\t\t\t\t\t<\/a>\n\t\t<\/div>\n\t\t\t\t<\/div>\n\t\t\t\t\t\t\t<\/div>\n\t\t\t\t<\/div>\n\t\t\t\t\t\t\t\t<div class=\"ehp-zigzag__item-wrapper\">\n\t\t\t\t\t<div class=\"ehp-zigzag__item-container\">\n\t\t\t\t\t\t\t\t<div class=\"ehp-zigzag__graphic-element-container has-image\">\n\t\t\t\t\t\t<div class=\"ehp-image ehp-zigzag__image-container ehp-image ehp-zigzag__image-container ehp-image ehp-zigzag__image-container\">\n\t\t\t\t<img decoding=\"async\" class=\"ehp-image__img ehp-zigzag__img has-shape-sharp shape-type-image\" src=\"https:\/\/amad-loire.fr\/wp-content\/uploads\/2025\/11\/Angiologue-1.jpg\" title=\"Angiologue\" alt=\"Angiologue\" loading=\"lazy\" \/>\t\t\t<\/div>\n\t\t\t\t\t<\/div>\n\t\t\t\t<div class=\"ehp-zigzag__text-container is-graphic-image\">\n\t\t\t<h2 class=\"ehp-zigzag__title\">M\u00e9decine vasculaire<\/h2><p class=\"ehp-zigzag__description\"><div style=\"color:#000000;font-family:'Poppins', sans-serif;font-size:16px;line-height:1.6\">\n  <p>\n    L\u2019<strong>angiologue<\/strong> est le sp\u00e9cialiste de la m\u00e9decine vasculaire, c\u2019est-\u00e0-dire de l\u2019ensemble des vaisseaux sanguins et lymphatiques. \n    Ses comp\u00e9tences couvrent l\u2019<em>\u00e9chographie-Doppler<\/em>, la <em>phl\u00e9bologie<\/em> et la prise en charge des pathologies des veines, des art\u00e8res et des varices.\n  <\/p>\n\n<\/div>\n<\/p>\t\t<div class=\"ehp-zigzag__button-container ehp-zigzag__button-container ehp-zigzag__button-container\">\n\t\t\t<a class=\"ehp-button ehp-button--primary ehp-zigzag__button ehp-zigzag__button--primary is-type-button has-shape-default shape-type-button\" href=\"https:\/\/www.doctolib.fr\/angiologue\/veauche\/lea-ghenassia-fouillet?pid=establishment-12437\">\n\t\t\t\t<span class=\"ehp-zigzag__button-text\">Nos consultations d'angiologie sur Doctolib<\/span>\t\t\t\t\t<\/a>\n\t\t<\/div>\n\t\t\t\t<\/div>\n\t\t\t\t\t\t\t<\/div>\n\t\t\t\t<\/div>\n\t\t\t\t\t\t\t\t<div class=\"ehp-zigzag__item-wrapper\">\n\t\t\t\t\t<div class=\"ehp-zigzag__item-container\">\n\t\t\t\t\t\t\t\t<div class=\"ehp-zigzag__graphic-element-container has-image\">\n\t\t\t\t\t\t<div class=\"ehp-image ehp-zigzag__image-container ehp-image ehp-zigzag__image-container ehp-image ehp-zigzag__image-container ehp-image ehp-zigzag__image-container\">\n\t\t\t\t<img decoding=\"async\" class=\"ehp-image__img ehp-zigzag__img has-shape-sharp shape-type-image\" src=\"https:\/\/amad-loire.fr\/wp-content\/uploads\/2026\/01\/woman-with-hands-together-talking-with-counselor-scaled.jpg\" title=\"woman-with-hands-together-talking-with-counselor\" alt=\"woman-with-hands-together-talking-with-counselor\" loading=\"lazy\" \/>\t\t\t<\/div>\n\t\t\t\t\t<\/div>\n\t\t\t\t<div class=\"ehp-zigzag__text-container is-graphic-image\">\n\t\t\t<h2 class=\"ehp-zigzag__title\">Psychiatrie<\/h2><p class=\"ehp-zigzag__description\"><div style=\"color:#000000;font-family:'Poppins', sans-serif;font-size:16px;line-height:1.6\">\n  <p>\n    Le <strong>psychiatre<\/strong> est un m\u00e9decin sp\u00e9cialiste de la <em>sant\u00e9 mentale<\/em>. \n    Il \u00e9value, diagnostique et traite les troubles psychiques, tout en accompagnant la pr\u00e9vention et la prise en charge des maladies mentales.\n \n  <\/p>\n<\/div>\n<\/p>\t\t<div class=\"ehp-zigzag__button-container ehp-zigzag__button-container ehp-zigzag__button-container ehp-zigzag__button-container\">\n\t\t\t<a class=\"ehp-button ehp-button--primary ehp-zigzag__button ehp-zigzag__button--primary is-type-button has-shape-default shape-type-button\" href=\"https:\/\/www.doctolib.fr\/psychiatre\/veauche\/julie-bajard?pid=establishment-12437\">\n\t\t\t\t<span class=\"ehp-zigzag__button-text\">Retrouvez notre psychiatre sur Doctolib<\/span>\t\t\t\t\t<\/a>\n\t\t<\/div>\n\t\t\t\t<\/div>\n\t\t\t\t\t\t\t<\/div>\n\t\t\t\t<\/div>\n\t\t\t\t\t\t\t\t<div class=\"ehp-zigzag__item-wrapper\">\n\t\t\t\t\t<div class=\"ehp-zigzag__item-container\">\n\t\t\t\t\t\t\t\t<div class=\"ehp-zigzag__graphic-element-container has-image\">\n\t\t\t\t\t\t<div class=\"ehp-image ehp-zigzag__image-container ehp-image ehp-zigzag__image-container ehp-image ehp-zigzag__image-container ehp-image ehp-zigzag__image-container ehp-image ehp-zigzag__image-container\">\n\t\t\t\t<img decoding=\"async\" class=\"ehp-image__img ehp-zigzag__img has-shape-sharp shape-type-image\" src=\"https:\/\/amad-loire.fr\/wp-content\/uploads\/2025\/11\/Psychologue.jpg\" title=\"Psychologue\" alt=\"Psychologue\" loading=\"lazy\" \/>\t\t\t<\/div>\n\t\t\t\t\t<\/div>\n\t\t\t\t<div class=\"ehp-zigzag__text-container is-graphic-image\">\n\t\t\t<h2 class=\"ehp-zigzag__title\">Psychologie<\/h2><p class=\"ehp-zigzag__description\"><div style=\"color:#000000;font-family:'Poppins', sans-serif;font-size:16px;line-height:1.6\">\n  <p>\n    Le <strong>psychologue<\/strong> est un professionnel du psychisme et du comportement humain. \n    Il \u00e9value et accompagne les patients en souffrance psychique, en les aidant \u00e0 surmonter leurs difficult\u00e9s gr\u00e2ce \u00e0 des approches d\u2019<em>\u00e9coute, d\u2019analyse et de conseil<\/em>.\n  <\/p>\n<\/div>\n<\/p>\t\t<div class=\"ehp-zigzag__button-container ehp-zigzag__button-container ehp-zigzag__button-container ehp-zigzag__button-container ehp-zigzag__button-container\">\n\t\t\t<a class=\"ehp-button ehp-button--primary ehp-zigzag__button ehp-zigzag__button--primary is-type-button has-shape-default shape-type-button\" href=\"https:\/\/www.doctolib.fr\/psychologue\/veauche\/didier-couhert?pid=establishment-12437\">\n\t\t\t\t<span class=\"ehp-zigzag__button-text\">Nos consultations de psychologie sur Doctolib<\/span>\t\t\t\t\t<\/a>\n\t\t<\/div>\n\t\t\t\t<\/div>\n\t\t\t\t\t\t\t<\/div>\n\t\t\t\t<\/div>\n\t\t\t\t\t\t\t\t<div class=\"ehp-zigzag__item-wrapper\">\n\t\t\t\t\t<div class=\"ehp-zigzag__item-container\">\n\t\t\t\t\t\t\t\t<div class=\"ehp-zigzag__graphic-element-container has-image\">\n\t\t\t\t\t\t<div class=\"ehp-image ehp-zigzag__image-container ehp-image ehp-zigzag__image-container ehp-image ehp-zigzag__image-container ehp-image ehp-zigzag__image-container ehp-image ehp-zigzag__image-container ehp-image ehp-zigzag__image-container\">\n\t\t\t\t<img decoding=\"async\" class=\"ehp-image__img ehp-zigzag__img has-shape-sharp shape-type-image\" src=\"https:\/\/amad-loire.fr\/wp-content\/uploads\/2025\/11\/Pediatrie.jpg\" title=\"P\u00e9diatrie\" alt=\"P\u00e9diatrie\" loading=\"lazy\" \/>\t\t\t<\/div>\n\t\t\t\t\t<\/div>\n\t\t\t\t<div class=\"ehp-zigzag__text-container is-graphic-image\">\n\t\t\t<h2 class=\"ehp-zigzag__title\">P\u00e9diatrie<\/h2><p class=\"ehp-zigzag__description\"><div style=\"color:#000000;font-family:'Poppins', sans-serif;font-size:16px;line-height:1.6\">\n  <p>\n    La <strong>p\u00e9diatrie<\/strong> est la sp\u00e9cialit\u00e9 m\u00e9dicale consacr\u00e9e \u00e0 la sant\u00e9 de l\u2019enfant, du nourrisson \u00e0 l\u2019adolescent. \n    Elle veille \u00e0 son d\u00e9veloppement, assure la pr\u00e9vention, le suivi et le traitement des maladies propres \u00e0 chaque \u00e2ge de la croissance.\n  <\/p>\n\n  <p style=\"margin-top:10px\">\n    Les <strong>consultations de p\u00e9diatrie<\/strong> sont assur\u00e9es par des m\u00e9decins sp\u00e9cialis\u00e9s.\n  <\/p>\n<\/div>\n<\/p>\t\t<div class=\"ehp-zigzag__button-container ehp-zigzag__button-container ehp-zigzag__button-container ehp-zigzag__button-container ehp-zigzag__button-container ehp-zigzag__button-container\">\n\t\t\t<a class=\"ehp-button ehp-button--primary ehp-zigzag__button ehp-zigzag__button--primary is-type-button has-shape-default shape-type-button\" href=\"https:\/\/www.doctolib.fr\/centre-de-sante\/veauche\/centre-de-sante-francoise-heritier\">\n\t\t\t\t<span class=\"ehp-zigzag__button-text\">Prenez soin de vos enfants en p\u00e9diatrie sur Doctolib<\/span>\t\t\t\t\t<\/a>\n\t\t<\/div>\n\t\t\t\t<\/div>\n\t\t\t\t\t\t\t<\/div>\n\t\t\t\t<\/div>\n\t\t\t\t\t\t\t\t<div class=\"ehp-zigzag__item-wrapper\">\n\t\t\t\t\t<div class=\"ehp-zigzag__item-container\">\n\t\t\t\t\t\t\t\t<div class=\"ehp-zigzag__graphic-element-container has-image\">\n\t\t\t\t\t\t<div class=\"ehp-image ehp-zigzag__image-container ehp-image ehp-zigzag__image-container ehp-image ehp-zigzag__image-container ehp-image ehp-zigzag__image-container ehp-image ehp-zigzag__image-container ehp-image ehp-zigzag__image-container ehp-image ehp-zigzag__image-container\">\n\t\t\t\t<img decoding=\"async\" class=\"ehp-image__img ehp-zigzag__img has-shape-sharp shape-type-image\" src=\"https:\/\/amad-loire.fr\/wp-content\/uploads\/2025\/11\/Gynecologue-1.jpg\" title=\"Gyn\u00e9cologue 1\" alt=\"Gyn\u00e9cologue 1\" loading=\"lazy\" \/>\t\t\t<\/div>\n\t\t\t\t\t<\/div>\n\t\t\t\t<div class=\"ehp-zigzag__text-container is-graphic-image\">\n\t\t\t<h2 class=\"ehp-zigzag__title\">Gyn\u00e9cologie<\/h2><p class=\"ehp-zigzag__description\"><div style=\"color:#000000;font-family:'Poppins', sans-serif;font-size:16px;line-height:1.6\">\n  <p>\n    La <strong>gyn\u00e9cologie<\/strong> s\u2019int\u00e9resse \u00e0 la sant\u00e9 de la femme tout au long de sa vie. \n    Elle englobe la pr\u00e9vention, le d\u00e9pistage et le traitement des troubles gyn\u00e9cologiques, ainsi que le suivi de la contraception et de la grossesse.\n  <\/p>\n<\/div>\n<\/p>\t\t<div class=\"ehp-zigzag__button-container ehp-zigzag__button-container ehp-zigzag__button-container ehp-zigzag__button-container ehp-zigzag__button-container ehp-zigzag__button-container ehp-zigzag__button-container\">\n\t\t\t<a class=\"ehp-button ehp-button--primary ehp-zigzag__button ehp-zigzag__button--primary is-type-button has-shape-default shape-type-button\" href=\"https:\/\/www.doctolib.fr\/centre-de-sante\/veauche\/centre-de-sante-francoise-heritier\">\n\t\t\t\t<span class=\"ehp-zigzag__button-text\">Prenez rendez-vous sur Doctolib<\/span>\t\t\t\t\t<\/a>\n\t\t<\/div>\n\t\t\t\t<\/div>\n\t\t\t\t\t\t\t<\/div>\n\t\t\t\t<\/div>\n\t\t\t\t\t\t\t\t<div class=\"ehp-zigzag__item-wrapper\">\n\t\t\t\t\t<div class=\"ehp-zigzag__item-container\">\n\t\t\t\t\t\t\t\t<div class=\"ehp-zigzag__graphic-element-container has-image\">\n\t\t\t\t\t\t<div class=\"ehp-image ehp-zigzag__image-container ehp-image ehp-zigzag__image-container ehp-image ehp-zigzag__image-container ehp-image ehp-zigzag__image-container ehp-image ehp-zigzag__image-container ehp-image ehp-zigzag__image-container ehp-image ehp-zigzag__image-container ehp-image ehp-zigzag__image-container\">\n\t\t\t\t<img decoding=\"async\" class=\"ehp-image__img ehp-zigzag__img has-shape-sharp shape-type-image\" src=\"https:\/\/amad-loire.fr\/wp-content\/uploads\/2025\/11\/Osteopathe.jpg\" title=\"Ost\u00e9opathe\" alt=\"Ost\u00e9opathe\" loading=\"lazy\" \/>\t\t\t<\/div>\n\t\t\t\t\t<\/div>\n\t\t\t\t<div class=\"ehp-zigzag__text-container is-graphic-image\">\n\t\t\t<h2 class=\"ehp-zigzag__title\">Ost\u00e9opathie<\/h2><p class=\"ehp-zigzag__description\"><div style=\"color:#000000;font-family:'Poppins', sans-serif;font-size:16px;line-height:1.6\">\n  <p>\n    L\u2019<strong>ost\u00e9opathie<\/strong> est une approche th\u00e9rapeutique manuelle visant \u00e0 r\u00e9tablir l\u2019\u00e9quilibre du corps et \u00e0 soulager les tensions musculaires, articulaires et visc\u00e9rales. \n    Elle favorise le bien-\u00eatre global en agissant sur les causes fonctionnelles des douleurs.\n  <\/p>\n\n  <p style=\"margin-top:10px\">\n    Les <strong>consultations d\u2019ost\u00e9opathie<\/strong> sont assur\u00e9es sur rendez-vous par des professionnels dipl\u00f4m\u00e9s, au sein du <strong>Centre de Sant\u00e9 Fran\u00e7oise H\u00e9ritier<\/strong>.\n  <\/p>\n<\/div>\n<\/p>\t\t<div class=\"ehp-zigzag__button-container ehp-zigzag__button-container ehp-zigzag__button-container ehp-zigzag__button-container ehp-zigzag__button-container ehp-zigzag__button-container ehp-zigzag__button-container ehp-zigzag__button-container\">\n\t\t\t<a class=\"ehp-button ehp-button--primary ehp-zigzag__button ehp-zigzag__button--primary is-type-button has-shape-default shape-type-button\" href=\"https:\/\/www.doctolib.fr\/centre-de-sante\/veauche\/centre-de-sante-francoise-heritier\">\n\t\t\t\t<span class=\"ehp-zigzag__button-text\">Prenez rendez-vous pour un soin ost\u00e9opathique sur Doctolib<\/span>\t\t\t\t\t<\/a>\n\t\t<\/div>\n\t\t\t\t<\/div>\n\t\t\t\t\t\t\t<\/div>\n\t\t\t\t<\/div>\n\t\t\t\t\t\t\t\t<div class=\"ehp-zigzag__item-wrapper\">\n\t\t\t\t\t<div class=\"ehp-zigzag__item-container\">\n\t\t\t\t\t\t\t\t<div class=\"ehp-zigzag__graphic-element-container has-image\">\n\t\t\t\t\t\t<div class=\"ehp-image ehp-zigzag__image-container ehp-image ehp-zigzag__image-container ehp-image ehp-zigzag__image-container ehp-image ehp-zigzag__image-container ehp-image ehp-zigzag__image-container ehp-image ehp-zigzag__image-container ehp-image ehp-zigzag__image-container ehp-image ehp-zigzag__image-container ehp-image ehp-zigzag__image-container\">\n\t\t\t\t<img decoding=\"async\" class=\"ehp-image__img ehp-zigzag__img has-shape-sharp shape-type-image\" src=\"https:\/\/amad-loire.fr\/wp-content\/uploads\/2025\/11\/Gynecologue-1.jpg\" title=\"Gyn\u00e9cologue 1\" alt=\"Gyn\u00e9cologue 1\" loading=\"lazy\" \/>\t\t\t<\/div>\n\t\t\t\t\t<\/div>\n\t\t\t\t<div class=\"ehp-zigzag__text-container is-graphic-image\">\n\t\t\t<h2 class=\"ehp-zigzag__title\">Orthophonie<br><br><\/h2><p class=\"ehp-zigzag__description\"><div style=\"color:#000000;font-family:'Poppins', sans-serif;font-size:16px;line-height:1.6\">\n  <p>\n    <strong>L\u2019orthophonie<\/strong> est une profession de sant\u00e9 relevant de la famille des m\u00e9tiers de soins. <p>Elle consiste \u00e0 pr\u00e9venir, \u00e0 \u00e9valuer et \u00e0 traiter les difficult\u00e9s ou troubles du langage oral et \u00e9crit et de la communication notamment.<p>\n\n  <\/p>\n<\/div>\n<\/p>\t\t<div class=\"ehp-zigzag__button-container ehp-zigzag__button-container ehp-zigzag__button-container ehp-zigzag__button-container ehp-zigzag__button-container ehp-zigzag__button-container ehp-zigzag__button-container ehp-zigzag__button-container ehp-zigzag__button-container\">\n\t\t\t<a class=\"ehp-button ehp-button--primary ehp-zigzag__button ehp-zigzag__button--primary is-type-button has-shape-default shape-type-button\" href=\"https:\/\/www.doctolib.fr\/centre-de-sante\/veauche\/centre-de-sante-francoise-heritier\">\n\t\t\t\t<span class=\"ehp-zigzag__button-text\">Prenez rendez-vous sur Doctolib<\/span>\t\t\t\t\t<\/a>\n\t\t<\/div>\n\t\t\t\t<\/div>\n\t\t\t\t\t\t\t<\/div>\n\t\t\t\t<\/div>\n\t\t\t\t\t\t\t\t<div class=\"ehp-zigzag__item-wrapper\">\n\t\t\t\t\t<div class=\"ehp-zigzag__item-container\">\n\t\t\t\t\t\t\t\t<div class=\"ehp-zigzag__graphic-element-container has-image\">\n\t\t\t\t\t\t<div class=\"ehp-image ehp-zigzag__image-container ehp-image ehp-zigzag__image-container ehp-image ehp-zigzag__image-container ehp-image ehp-zigzag__image-container ehp-image ehp-zigzag__image-container ehp-image ehp-zigzag__image-container ehp-image ehp-zigzag__image-container ehp-image ehp-zigzag__image-container ehp-image ehp-zigzag__image-container ehp-image ehp-zigzag__image-container\">\n\t\t\t\t<img decoding=\"async\" class=\"ehp-image__img ehp-zigzag__img has-shape-sharp shape-type-image\" src=\"https:\/\/amad-loire.fr\/wp-content\/uploads\/2025\/11\/Dermatologue.jpg\" title=\"Dermatologue\" alt=\"Dermatologue\" loading=\"lazy\" \/>\t\t\t<\/div>\n\t\t\t\t\t<\/div>\n\t\t\t\t<div class=\"ehp-zigzag__text-container is-graphic-image\">\n\t\t\t<h2 class=\"ehp-zigzag__title\">Dermatologie<\/h2><p class=\"ehp-zigzag__description\"><div style=\"color:#000000;font-family:'Poppins', sans-serif;font-size:16px;line-height:1.6\">\n  <p>\n    La <strong>dermatologie m\u00e9dicale<\/strong> prend en charge les affections de la peau, des cheveux et des ongles. \n    Elle permet de diagnostiquer, traiter et suivre des pathologies telles que l\u2019acn\u00e9, l\u2019ecz\u00e9ma, le psoriasis ou les infections cutan\u00e9es, dans un cadre de soins pr\u00e9ventif et curatif.\n  <\/p>\n\n  <p style=\"margin-top:10px\">\n    Les consultations de dermatologie sont assur\u00e9es sur rendez-vous au <strong> Centre de Sant\u00e9 Fran\u00e7oise H\u00e9ritier<\/strong>.\n  <\/p>\n<\/div>\n<\/p>\t\t<div class=\"ehp-zigzag__button-container ehp-zigzag__button-container ehp-zigzag__button-container ehp-zigzag__button-container ehp-zigzag__button-container ehp-zigzag__button-container ehp-zigzag__button-container ehp-zigzag__button-container ehp-zigzag__button-container ehp-zigzag__button-container\">\n\t\t\t<a class=\"ehp-button ehp-button--primary ehp-zigzag__button ehp-zigzag__button--primary is-type-button has-shape-default shape-type-button\">\n\t\t\t\t<span class=\"ehp-zigzag__button-text\">Prendre rendez-vous<\/span>\t\t\t\t\t<\/a>\n\t\t<\/div>\n\t\t\t\t<\/div>\n\t\t\t\t\t\t\t<\/div>\n\t\t\t\t<\/div>\n\t\t\t\t\t\t\t<\/div>\n\t\t\t\t\t\t<\/div>\n\t\t\t\t<\/div>\n\t\t\t\t\t<\/div>\n\t\t\t\t<\/div>\n\t\t<div class=\"elementor-element elementor-element-364290a e-flex e-con-boxed e-con e-parent\" data-id=\"364290a\" data-element_type=\"container\">\n\t\t\t\t\t<div class=\"e-con-inner\">\n\t\t<div class=\"elementor-element elementor-element-81fe5e5 e-con-full e-flex e-con e-child\" data-id=\"81fe5e5\" data-element_type=\"container\">\n\t\t\t\t<\/div>\n\t\t<div class=\"elementor-element elementor-element-e67a76a e-con-full e-flex e-con e-child\" data-id=\"e67a76a\" data-element_type=\"container\">\n\t\t\t\t<div class=\"elementor-element elementor-element-7926943 elementor-widget-divider--view-line elementor-widget elementor-widget-divider\" data-id=\"7926943\" data-element_type=\"widget\" data-widget_type=\"divider.default\">\n\t\t\t\t\t\t\t<div class=\"elementor-divider\">\n\t\t\t<span class=\"elementor-divider-separator\">\n\t\t\t\t\t\t<\/span>\n\t\t<\/div>\n\t\t\t\t\t\t<\/div>\n\t\t\t\t<\/div>\n\t\t<div class=\"elementor-element elementor-element-dc3e588 e-con-full e-flex e-con e-child\" data-id=\"dc3e588\" data-element_type=\"container\">\n\t\t\t\t<\/div>\n\t\t\t\t\t<\/div>\n\t\t\t\t<\/div>\n\t\t<div class=\"elementor-element elementor-element-c7ddb6c e-flex e-con-boxed e-con e-parent\" data-id=\"c7ddb6c\" data-element_type=\"container\">\n\t\t\t\t\t<div class=\"e-con-inner\">\n\t\t<div class=\"elementor-element elementor-element-73b3ca9 e-con-full e-flex e-con e-child\" data-id=\"73b3ca9\" data-element_type=\"container\">\n\t\t\t\t<div class=\"elementor-element elementor-element-d3b0d2c elementor-widget elementor-widget-heading\" data-id=\"d3b0d2c\" data-element_type=\"widget\" data-widget_type=\"heading.default\">\n\t\t\t\t\t<h2 class=\"elementor-heading-title elementor-size-default\">Coordonn\u00e9es du centre de sant\u00e9 Fran\u00e7oise H\u00e9ritier :<\/h2>\t\t\t\t<\/div>\n\t\t\t\t<\/div>\n\t\t<div class=\"elementor-element elementor-element-22135d0 e-con-full e-flex e-con e-child\" data-id=\"22135d0\" data-element_type=\"container\">\n\t\t\t\t<div class=\"elementor-element elementor-element-1b6039d elementor-widget elementor-widget-text-editor\" data-id=\"1b6039d\" data-element_type=\"widget\" data-widget_type=\"text-editor.default\">\n\t\t\t\t\t\t\t\t\t<p>Adresse : 1 rue Moli\u00e8re, 42340 Veauche<\/p>\n<p>T\u00e9l\u00e9phone : 04 77 54 77 55<\/p>\t\t\t\t\t\t\t\t<\/div>\n\t\t\t\t<\/div>\n\t\t\t\t\t<\/div>\n\t\t\t\t<\/div>\n\t\t<div class=\"elementor-element elementor-element-baa6686 e-flex e-con-boxed e-con e-parent\" data-id=\"baa6686\" data-element_type=\"container\">\n\t\t\t\t\t<div class=\"e-con-inner\">\n\t\t\t\t<div class=\"elementor-element elementor-element-e8c8e01 elementor-widget elementor-widget-google_maps\" data-id=\"e8c8e01\" data-element_type=\"widget\" data-widget_type=\"google_maps.default\">\n\t\t\t\t\t\t\t<div class=\"elementor-custom-embed\">\n\t\t\t<iframe loading=\"lazy\"\n\t\t\t\t\tsrc=\"https:\/\/maps.google.com\/maps?q=1%20Rue%20Moli%C3%A8re%2C%2042340%20Veauche&#038;t=m&#038;z=15&#038;output=embed&#038;iwloc=near\"\n\t\t\t\t\ttitle=\"1 Rue Moli\u00e8re, 42340 Veauche\"\n\t\t\t\t\taria-label=\"1 Rue Moli\u00e8re, 42340 Veauche\"\n\t\t\t><\/iframe>\n\t\t<\/div>\n\t\t\t\t\t\t<\/div>\n\t\t\t\t\t<\/div>\n\t\t\t\t<\/div>\n\t\t\t\t<\/div>\n\t\t","protected":false},"excerpt":{"rendered":"<p>Centre de sant\u00e9 Fran\u00e7oise H\u00e9ritier Informez-vous sur les soins et services disponibles au sein de notre centre. Prenez rendez-vous sur Doctoblib Le centre de sant\u00e9 est labellis\u00e9 r\u00e9seau France Sant\u00e9. Consultations M\u00e9decine g\u00e9n\u00e9rale Des m\u00e9decins g\u00e9n\u00e9ralistes consultent sur rendez-vous du lundi au vendredi Nos consultations de m\u00e9decine g\u00e9n\u00e9rale sur Doctolib Di\u00e9t\u00e9tique &#8211; Nutrition Sp\u00e9cialiste de [&hellip;]<\/p>\n","protected":false},"author":1,"featured_media":0,"parent":0,"menu_order":0,"comment_status":"closed","ping_status":"closed","template":"","meta":{"footnotes":""},"class_list":["post-385","page","type-page","status-publish","hentry"],"_links":{"self":[{"href":"https:\/\/amad-loire.fr\/index.php?rest_route=\/wp\/v2\/pages\/385","targetHints":{"allow":["GET"]}}],"collection":[{"href":"https:\/\/amad-loire.fr\/index.php?rest_route=\/wp\/v2\/pages"}],"about":[{"href":"https:\/\/amad-loire.fr\/index.php?rest_route=\/wp\/v2\/types\/page"}],"author":[{"embeddable":true,"href":"https:\/\/amad-loire.fr\/index.php?rest_route=\/wp\/v2\/users\/1"}],"replies":[{"embeddable":true,"href":"https:\/\/amad-loire.fr\/index.php?rest_route=%2Fwp%2Fv2%2Fcomments&post=385"}],"version-history":[{"count":89,"href":"https:\/\/amad-loire.fr\/index.php?rest_route=\/wp\/v2\/pages\/385\/revisions"}],"predecessor-version":[{"id":1190,"href":"https:\/\/amad-loire.fr\/index.php?rest_route=\/wp\/v2\/pages\/385\/revisions\/1190"}],"wp:attachment":[{"href":"https:\/\/amad-loire.fr\/index.php?rest_route=%2Fwp%2Fv2%2Fmedia&parent=385"}],"curies":[{"name":"wp","href":"https:\/\/api.w.org\/{rel}","templated":true}]}}